{"id":1718,"date":"2024-10-02T02:14:37","date_gmt":"2024-10-02T00:14:37","guid":{"rendered":"https:\/\/demo.xn--tuspo-bad-mnder-9vb.de\/turnen\/home\/"},"modified":"2025-06-07T14:24:20","modified_gmt":"2025-06-07T12:24:20","slug":"home","status":"publish","type":"page","link":"https:\/\/demo.xn--tuspo-bad-mnder-9vb.de\/turnen\/","title":{"rendered":""},"content":{"rendered":"\n<div class=\"wp-block-cover alignfull\" style=\"min-height:470px;aspect-ratio:unset;\"><span aria-hidden=\"true\" class=\"wp-block-cover__background has-ast-global-color-5-background-color has-background-dim-0 has-background-dim\"><\/span><img loading=\"lazy\" decoding=\"async\" width=\"512\" height=\"364\" class=\"wp-block-cover__image-background wp-image-2436\" alt=\"\" src=\"https:\/\/demo.xn--tuspo-bad-mnder-9vb.de\/turnen\/wp-content\/uploads\/sites\/27\/2024\/11\/turnen-e1730749158444.jpg\" data-object-fit=\"cover\" srcset=\"https:\/\/demo.xn--tuspo-bad-mnder-9vb.de\/turnen\/wp-content\/uploads\/sites\/27\/2024\/11\/turnen-e1730749158444.jpg 512w, https:\/\/demo.xn--tuspo-bad-mnder-9vb.de\/turnen\/wp-content\/uploads\/sites\/27\/2024\/11\/turnen-e1730749158444-300x213.jpg 300w\" sizes=\"auto, (max-width: 512px) 100vw, 512px\" \/><div class=\"wp-block-cover__inner-container is-layout-constrained wp-container-core-cover-is-layout-e555385e wp-block-cover-is-layout-constrained\">\n\n<p class=\"has-text-align-center has-large-font-size\"><\/p>\n\n<\/div><\/div>\n\n\n\n<div class=\"wp-block-uagb-container uagb-block-3c2b710f alignfull uagb-is-root-container\"><div class=\"uagb-container-inner-blocks-wrap\">\n\t\t\t<div class=\"wp-block-uagb-post-grid uagb-post-grid  uagb-post__image-position-top uagb-post__image-enabled uagb-block-f59c426d     uagb-post__items uagb-post__columns-3 is-grid uagb-post__columns-tablet-2 uagb-post__columns-mobile-1 uagb-post__equal-height uagb-equal_height_inline-read-more-buttons\" data-total=\"1\" style=\"\">\n\n\t\t\t\t\t\t\t\t\t\t\t\t<article class=\"uagb-post__inner-wrap\">\t\t\t\t\t\t\t\t<div class='uagb-post__image'>\n\t\t\t\t\t\t\t\t\t<a href=\"https:\/\/demo.xn--tuspo-bad-mnder-9vb.de\/turnen\/yoga-fuer-erwachsene\/\" target=\"_self\" rel=\"bookmark noopener noreferrer\" class='uagb-image-ratio-2-3'><img loading=\"lazy\" decoding=\"async\" width=\"724\" height=\"1024\" src=\"https:\/\/demo.xn--tuspo-bad-mnder-9vb.de\/turnen\/wp-content\/uploads\/sites\/27\/2026\/03\/yoga-1-724x1024.jpg\" class=\"attachment-large size-large\" alt=\"\" srcset=\"https:\/\/demo.xn--tuspo-bad-mnder-9vb.de\/turnen\/wp-content\/uploads\/sites\/27\/2026\/03\/yoga-1-724x1024.jpg 724w, https:\/\/demo.xn--tuspo-bad-mnder-9vb.de\/turnen\/wp-content\/uploads\/sites\/27\/2026\/03\/yoga-1-212x300.jpg 212w, https:\/\/demo.xn--tuspo-bad-mnder-9vb.de\/turnen\/wp-content\/uploads\/sites\/27\/2026\/03\/yoga-1-768x1086.jpg 768w, https:\/\/demo.xn--tuspo-bad-mnder-9vb.de\/turnen\/wp-content\/uploads\/sites\/27\/2026\/03\/yoga-1-1086x1536.jpg 1086w, https:\/\/demo.xn--tuspo-bad-mnder-9vb.de\/turnen\/wp-content\/uploads\/sites\/27\/2026\/03\/yoga-1.jpg 1190w\" sizes=\"auto, (max-width: 724px) 100vw, 724px\" \/>\t\t\t\t\t<\/a>\n\t\t\t\t\t\t\t<\/div>\n\t\t\t\t\t\t<h4 class=\"uagb-post__title uagb-post__text\">\n\t\t\t\t<a href=\"https:\/\/demo.xn--tuspo-bad-mnder-9vb.de\/turnen\/yoga-fuer-erwachsene\/\" target=\"_self\" rel=\"bookmark noopener noreferrer\">Yoga f\u00fcr Erwachsene<\/a>\n\t\t\t<\/h4>\n\t\t\t\t\t\t<div class='uagb-post__text uagb-post-grid-byline'>\n\t\t\t\t\t\t\t\t<time datetime=\"2026-03-18T22:21:11+01:00\" class=\"uagb-post__date\">\n\t\t\t\t\t\t\t\t\t18. M\u00e4rz 2026\t\t\t\t<\/time>\n\t\t\t\t\t\t<\/div>\n\t\t\t\t\t\t\t<div class='uagb-post__text uagb-post__excerpt'>\n\t\t\t\t\t<p>Start am Donnerstag, den 16.4.2026, im TUSPO-Vereinsheim in Bad M\u00fcnder,10 Termine, Fortsetzung m\u00f6glich.Kosten: 30 \u20ac&#8230;\t\t\t\t<\/div>\n\t\t\t\t\t\t<div class=\"uagb-post__text uagb-post__cta wp-block-button\">\n\t\t\t\t<a class=\"wp-block-button__link uagb-text-link\" style=\"\" href=\"https:\/\/demo.xn--tuspo-bad-mnder-9vb.de\/turnen\/yoga-fuer-erwachsene\/\" target=\"_self\" rel=\"bookmark noopener noreferrer\">Weiterlesen<\/a>\n\t\t\t<\/div>\n\t\t\t\n\t\t\t\t\t\t\t\t\t<\/article>\n\t\t\t\t\t\t\t\t\t\t\t\t\t<div class=\"uagb-post-pagination-wrap\">\n\t\t\t\t\t\t\t\t\t\t\t<\/div>\n\t\t\t\t\t\t\t\t<\/div>\n\t\t\t<\/div><\/div>\n\n\n\n<h2 class=\"wp-block-heading has-text-align-center has-ast-global-color-3-color has-ast-global-color-5-background-color has-text-color has-background has-link-color wp-elements-69ca1efbe37930a214599e72080b6211\" style=\"padding-top:20px;padding-bottom:20px\"><strong>Willkommen bei der Turn-Abteilung<\/strong><\/h2>\n\n\n\n<p class=\"has-medium-font-size\" style=\"line-height:2\">Die Turnabteilung bietet sportliche Aktivit\u00e4ten f\u00fcr jung und alt, vom Kleinkinderturnen bis zur Seniorengymnastik. Einfach mal an einer \u00dcbungsstunde teilnehmen und Spa\u00df haben \u2013 es ist keine vorherige Anmeldung zur Sportstunde erforderlich. Weitere Informationen geben die \u00dcbungsleiter*innen.<\/p>\n\n\n\n<div class=\"wp-block-uagb-container uagb-block-e0921a45 alignfull uagb-is-root-container\">\n<h2 class=\"wp-block-heading has-text-align-center has-ast-global-color-5-color has-ast-global-color-3-background-color has-text-color has-background has-link-color wp-elements-eecb60299c4dc10fab9ab9a3a23e528f\" id=\"training\" style=\"padding-top:20px;padding-bottom:20px\"><strong>Training<\/strong><\/h2>\n<\/div>\n\n\n\n<div class=\"wp-block-group is-layout-grid wp-container-core-group-is-layout-71eb3c7d wp-block-group-is-layout-grid\" style=\"margin-top:0px;margin-bottom:30px;padding-top:10px;padding-right:30px;padding-bottom:10px;padding-left:30px\">\n<div class=\"wp-block-uagb-container uagb-block-38bbf7f6 alignfull uagb-is-root-container\">\n<h4 class=\"wp-block-heading alignfull has-text-align-center\">Kinder 3-5 Jahre<\/h4>\n\n\n\n<div class=\"wp-block-group has-ast-global-color-3-color has-ast-global-color-1-background-color has-text-color has-background has-link-color wp-elements-b21ed1cf2c70f165fd839dd7a4448ca7 is-vertical is-layout-flex wp-container-core-group-is-layout-fe9cc265 wp-block-group-is-layout-flex\">\n<div class=\"wp-block-uagb-container uagb-block-fe169192 alignfull uagb-is-root-container\"><div class=\"uagb-container-inner-blocks-wrap\">\n<h5 class=\"wp-block-heading has-text-align-center has-ast-global-color-3-color has-text-color has-link-color wp-elements-e7b8485246ce6bd289edf5de4e41ff32\">Dienstag,<\/h5>\n<\/div><\/div>\n\n\n\n<div class=\"wp-block-uagb-container uagb-block-07c3e618 alignfull uagb-is-root-container\"><div class=\"uagb-container-inner-blocks-wrap\">\n<h5 class=\"wp-block-heading has-text-align-center has-ast-global-color-3-color has-text-color has-link-color wp-elements-e4208f11397b451682c8269464e95487\">16:00 &#8211; 17:00 Uhr<\/h5>\n\n\n\n<div class=\"wp-block-uagb-separator uagb-block-af36010d\"><div class=\"wp-block-uagb-separator__inner\" style=\"--my-background-image:\"><\/div><\/div>\n<\/div><\/div>\n\n\n\n<div class=\"wp-block-uagb-container uagb-block-1841f96e alignfull uagb-is-root-container\"><div class=\"uagb-container-inner-blocks-wrap\">\n<h5 class=\"wp-block-heading has-text-align-center has-ast-global-color-3-color has-text-color has-link-color wp-elements-490b5c644d0118f1f935b31226f7f1d3\">Ort:<\/h5>\n<\/div><\/div>\n\n\n\n<div class=\"wp-block-uagb-container uagb-block-ee7fb004 alignfull uagb-is-root-container\"><div class=\"uagb-container-inner-blocks-wrap\">\n<h5 class=\"wp-block-heading has-text-align-center has-ast-global-color-3-color has-text-color has-link-color wp-elements-1282db0eaf2209ebf547f626f9058f81\">Sporthalle Friedrich-Ebert-Allee<\/h5>\n<\/div><\/div>\n<\/div>\n<\/div>\n\n\n\n<div class=\"wp-block-uagb-container uagb-block-369f8ff6 alignfull uagb-is-root-container\">\n<h4 class=\"wp-block-heading alignfull has-text-align-center\">Eltern &amp; Kind<\/h4>\n\n\n\n<div class=\"wp-block-group has-ast-global-color-3-color has-ast-global-color-1-background-color has-text-color has-background has-link-color wp-elements-da0893334176f6d51aad73570cca12d4 is-vertical is-layout-flex wp-container-core-group-is-layout-fe9cc265 wp-block-group-is-layout-flex\">\n<div class=\"wp-block-uagb-container uagb-block-d5915972 alignfull uagb-is-root-container\"><div class=\"uagb-container-inner-blocks-wrap\">\n<h5 class=\"wp-block-heading has-text-align-center has-ast-global-color-3-color has-text-color has-link-color wp-elements-e7b8485246ce6bd289edf5de4e41ff32\">Dienstag,<\/h5>\n<\/div><\/div>\n\n\n\n<div class=\"wp-block-uagb-container uagb-block-035f7e32 alignfull uagb-is-root-container\"><div class=\"uagb-container-inner-blocks-wrap\">\n<h5 class=\"wp-block-heading has-text-align-center has-ast-global-color-3-color has-text-color has-link-color wp-elements-90f8b5c91316a9c2e6bd5af2a348581d\">15:00 &#8211; 16:00 Uhr<\/h5>\n\n\n\n<div class=\"wp-block-uagb-separator uagb-block-184f0c9e\"><div class=\"wp-block-uagb-separator__inner\" style=\"--my-background-image:\"><\/div><\/div>\n<\/div><\/div>\n\n\n\n<div class=\"wp-block-uagb-container uagb-block-d27444f7 alignfull uagb-is-root-container\"><div class=\"uagb-container-inner-blocks-wrap\">\n<h5 class=\"wp-block-heading has-text-align-center has-ast-global-color-3-color has-text-color has-link-color wp-elements-490b5c644d0118f1f935b31226f7f1d3\">Ort:<\/h5>\n<\/div><\/div>\n\n\n\n<div class=\"wp-block-uagb-container uagb-block-d9c20c96 alignfull uagb-is-root-container\"><div class=\"uagb-container-inner-blocks-wrap\">\n<h5 class=\"wp-block-heading has-text-align-center has-ast-global-color-3-color has-text-color has-link-color wp-elements-1282db0eaf2209ebf547f626f9058f81\">Sporthalle Friedrich-Ebert-Allee<\/h5>\n<\/div><\/div>\n<\/div>\n<\/div>\n<\/div>\n\n\n\n<div class=\"wp-block-group is-layout-grid wp-container-core-group-is-layout-71eb3c7d wp-block-group-is-layout-grid\" style=\"margin-top:0px;margin-bottom:30px;padding-top:10px;padding-right:30px;padding-bottom:10px;padding-left:30px\">\n<div class=\"wp-block-uagb-container uagb-block-a6ec5264 alignfull uagb-is-root-container\">\n<h4 class=\"wp-block-heading alignfull has-text-align-center\">M\u00e4dchenturnen 4-6 Jahre<\/h4>\n\n\n\n<div class=\"wp-block-group has-ast-global-color-3-color has-ast-global-color-1-background-color has-text-color has-background has-link-color wp-elements-8da0f59dbdc06e43ed70fe5d5a4e7813 is-vertical is-layout-flex wp-container-core-group-is-layout-fe9cc265 wp-block-group-is-layout-flex\">\n<div class=\"wp-block-uagb-container uagb-block-ab354eaf alignfull uagb-is-root-container\"><div class=\"uagb-container-inner-blocks-wrap\">\n<h5 class=\"wp-block-heading has-text-align-center has-ast-global-color-3-color has-text-color has-link-color wp-elements-4212c1c155d70eca8c4ccd989df2f7db\">Donnerstag,<\/h5>\n<\/div><\/div>\n\n\n\n<div class=\"wp-block-uagb-container uagb-block-0301b84a alignfull uagb-is-root-container\"><div class=\"uagb-container-inner-blocks-wrap\">\n<h5 class=\"wp-block-heading has-text-align-center has-ast-global-color-3-color has-text-color has-link-color wp-elements-e4208f11397b451682c8269464e95487\">16:00 &#8211; 17:00 Uhr<\/h5>\n\n\n\n<div class=\"wp-block-uagb-separator uagb-block-5489fa3a\"><div class=\"wp-block-uagb-separator__inner\" style=\"--my-background-image:\"><\/div><\/div>\n<\/div><\/div>\n\n\n\n<div class=\"wp-block-uagb-container uagb-block-2d8e9983 alignfull uagb-is-root-container\"><div class=\"uagb-container-inner-blocks-wrap\">\n<h5 class=\"wp-block-heading has-text-align-center has-ast-global-color-3-color has-text-color has-link-color wp-elements-490b5c644d0118f1f935b31226f7f1d3\">Ort:<\/h5>\n<\/div><\/div>\n\n\n\n<div class=\"wp-block-uagb-container uagb-block-7b1cf9be alignfull uagb-is-root-container\"><div class=\"uagb-container-inner-blocks-wrap\">\n<h5 class=\"wp-block-heading has-text-align-center has-ast-global-color-3-color has-text-color has-link-color wp-elements-47e7f771af9684cce6b9cd97722aff79\">Sporthalle Grundschule<\/h5>\n<\/div><\/div>\n<\/div>\n<\/div>\n\n\n\n<div class=\"wp-block-uagb-container uagb-block-0d91ded6 alignfull uagb-is-root-container\">\n<h4 class=\"wp-block-heading alignfull has-text-align-center\">M\u00e4dchenturnen ab 7 Jahre<\/h4>\n\n\n\n<div class=\"wp-block-group has-ast-global-color-3-color has-ast-global-color-1-background-color has-text-color has-background has-link-color wp-elements-b7a25f6c4570222e0715b174779a2b7c is-vertical is-layout-flex wp-container-core-group-is-layout-fe9cc265 wp-block-group-is-layout-flex\">\n<div class=\"wp-block-uagb-container uagb-block-fd32901b alignfull uagb-is-root-container\"><div class=\"uagb-container-inner-blocks-wrap\">\n<h5 class=\"wp-block-heading has-text-align-center has-ast-global-color-3-color has-text-color has-link-color wp-elements-31f476886b31fba275e86f23f0d88429\">Donnerstag<\/h5>\n<\/div><\/div>\n\n\n\n<div class=\"wp-block-uagb-container uagb-block-78337f03 alignfull uagb-is-root-container\"><div class=\"uagb-container-inner-blocks-wrap\">\n<h5 class=\"wp-block-heading has-text-align-center has-ast-global-color-3-color has-text-color has-link-color wp-elements-9733a1cdb7eb4d7ab5dfe5c5fa54ac55\">17:15 &#8211; 18:15 Uhr<\/h5>\n\n\n\n<div class=\"wp-block-uagb-separator uagb-block-93a04d83\"><div class=\"wp-block-uagb-separator__inner\" style=\"--my-background-image:\"><\/div><\/div>\n<\/div><\/div>\n\n\n\n<div class=\"wp-block-uagb-container uagb-block-cf88a04c alignfull uagb-is-root-container\"><div class=\"uagb-container-inner-blocks-wrap\">\n<h5 class=\"wp-block-heading has-text-align-center has-ast-global-color-3-color has-text-color has-link-color wp-elements-490b5c644d0118f1f935b31226f7f1d3\">Ort:<\/h5>\n<\/div><\/div>\n\n\n\n<div class=\"wp-block-uagb-container uagb-block-85bf7d1f alignfull uagb-is-root-container\"><div class=\"uagb-container-inner-blocks-wrap\">\n<h5 class=\"wp-block-heading has-text-align-center has-ast-global-color-3-color has-text-color has-link-color wp-elements-47e7f771af9684cce6b9cd97722aff79\">Sporthalle Grundschule<\/h5>\n<\/div><\/div>\n<\/div>\n<\/div>\n<\/div>\n\n\n\n<div class=\"wp-block-group is-layout-grid wp-container-core-group-is-layout-71eb3c7d wp-block-group-is-layout-grid\" style=\"margin-top:0px;margin-bottom:30px;padding-top:10px;padding-right:30px;padding-bottom:10px;padding-left:30px\">\n<div class=\"wp-block-uagb-container uagb-block-5274b245 alignfull uagb-is-root-container\">\n<h4 class=\"wp-block-heading alignfull has-text-align-center\">M\u00e4dchen &#8211; und Jungenturnen 5-6 Jahre<\/h4>\n\n\n\n<div class=\"wp-block-group has-ast-global-color-3-color has-ast-global-color-1-background-color has-text-color has-background has-link-color wp-elements-30f1a9fb1431ae7875cf01a6fdfd8b90 is-vertical is-layout-flex wp-container-core-group-is-layout-fe9cc265 wp-block-group-is-layout-flex\">\n<div class=\"wp-block-uagb-container uagb-block-426cd841 alignfull uagb-is-root-container\"><div class=\"uagb-container-inner-blocks-wrap\">\n<h5 class=\"wp-block-heading has-text-align-center has-ast-global-color-3-color has-text-color has-link-color wp-elements-b269496bf11b2ad9ec973326ca317cee\">Mittwoch,<\/h5>\n<\/div><\/div>\n\n\n\n<div class=\"wp-block-uagb-container uagb-block-701ee66c alignfull uagb-is-root-container\"><div class=\"uagb-container-inner-blocks-wrap\">\n<h5 class=\"wp-block-heading has-text-align-center has-ast-global-color-3-color has-text-color has-link-color wp-elements-c2841562fd48a9b5f7c78db10323dbf8\">14:00 &#8211; 15:00 Uhr<\/h5>\n\n\n\n<div class=\"wp-block-uagb-separator uagb-block-7383a5c8\"><div class=\"wp-block-uagb-separator__inner\" style=\"--my-background-image:\"><\/div><\/div>\n<\/div><\/div>\n\n\n\n<div class=\"wp-block-uagb-container uagb-block-73d0b5f4 alignfull uagb-is-root-container\"><div class=\"uagb-container-inner-blocks-wrap\">\n<h5 class=\"wp-block-heading has-text-align-center has-ast-global-color-3-color has-text-color has-link-color wp-elements-490b5c644d0118f1f935b31226f7f1d3\">Ort:<\/h5>\n<\/div><\/div>\n\n\n\n<div class=\"wp-block-uagb-container uagb-block-4e63fa92 alignfull uagb-is-root-container\"><div class=\"uagb-container-inner-blocks-wrap\">\n<h5 class=\"wp-block-heading has-text-align-center has-ast-global-color-3-color has-text-color has-link-color wp-elements-1282db0eaf2209ebf547f626f9058f81\">Sporthalle Friedrich-Ebert-Allee<\/h5>\n<\/div><\/div>\n<\/div>\n<\/div>\n\n\n\n<div class=\"wp-block-uagb-container uagb-block-fda03fe3 alignfull uagb-is-root-container\">\n<h4 class=\"wp-block-heading alignfull has-text-align-center\">M\u00e4dchen &#8211; und Jungenturnen 7-8 Jahre<\/h4>\n\n\n\n<div class=\"wp-block-group has-ast-global-color-3-color has-ast-global-color-1-background-color has-text-color has-background has-link-color wp-elements-eaf87ea324c0472b90fc59b8f7718b51 is-vertical is-layout-flex wp-container-core-group-is-layout-fe9cc265 wp-block-group-is-layout-flex\">\n<div class=\"wp-block-uagb-container uagb-block-dcad0e82 alignfull uagb-is-root-container\"><div class=\"uagb-container-inner-blocks-wrap\">\n<h5 class=\"wp-block-heading has-text-align-center has-ast-global-color-3-color has-text-color has-link-color wp-elements-b269496bf11b2ad9ec973326ca317cee\">Mittwoch,<\/h5>\n<\/div><\/div>\n\n\n\n<div class=\"wp-block-uagb-container uagb-block-b06f4a06 alignfull uagb-is-root-container\"><div class=\"uagb-container-inner-blocks-wrap\">\n<h5 class=\"wp-block-heading has-text-align-center has-ast-global-color-3-color has-text-color has-link-color wp-elements-90f8b5c91316a9c2e6bd5af2a348581d\">15:00 &#8211; 16:00 Uhr<\/h5>\n\n\n\n<div class=\"wp-block-uagb-separator uagb-block-4f94b991\"><div class=\"wp-block-uagb-separator__inner\" style=\"--my-background-image:\"><\/div><\/div>\n<\/div><\/div>\n\n\n\n<div class=\"wp-block-uagb-container uagb-block-ee5fcc79 alignfull uagb-is-root-container\"><div class=\"uagb-container-inner-blocks-wrap\">\n<h5 class=\"wp-block-heading has-text-align-center has-ast-global-color-3-color has-text-color has-link-color wp-elements-490b5c644d0118f1f935b31226f7f1d3\">Ort:<\/h5>\n<\/div><\/div>\n\n\n\n<div class=\"wp-block-uagb-container uagb-block-d6438fec alignfull uagb-is-root-container\"><div class=\"uagb-container-inner-blocks-wrap\">\n<h5 class=\"wp-block-heading has-text-align-center has-ast-global-color-3-color has-text-color has-link-color wp-elements-1282db0eaf2209ebf547f626f9058f81\">Sporthalle Friedrich-Ebert-Allee<\/h5>\n<\/div><\/div>\n<\/div>\n<\/div>\n<\/div>\n\n\n\n<div class=\"wp-block-group is-layout-grid wp-container-core-group-is-layout-71eb3c7d wp-block-group-is-layout-grid\" style=\"margin-top:0px;margin-bottom:30px;padding-top:10px;padding-right:30px;padding-bottom:10px;padding-left:30px\">\n<div class=\"wp-block-uagb-container uagb-block-55c9bb51 alignfull uagb-is-root-container\">\n<h4 class=\"wp-block-heading alignfull has-text-align-center\">Jungenturnen 9-11 Jahre<\/h4>\n\n\n\n<div class=\"wp-block-group has-ast-global-color-3-color has-ast-global-color-1-background-color has-text-color has-background has-link-color wp-elements-3920006b892f580fd4cab49eca335f19 is-vertical is-layout-flex wp-container-core-group-is-layout-fe9cc265 wp-block-group-is-layout-flex\">\n<div class=\"wp-block-uagb-container uagb-block-335738ca alignfull uagb-is-root-container\"><div class=\"uagb-container-inner-blocks-wrap\">\n<h5 class=\"wp-block-heading has-text-align-center has-ast-global-color-3-color has-text-color has-link-color wp-elements-b09b6284fad546e539da49713b1122e2\">Freitag,<\/h5>\n<\/div><\/div>\n\n\n\n<div class=\"wp-block-uagb-container uagb-block-9c1e5b85 alignfull uagb-is-root-container\"><div class=\"uagb-container-inner-blocks-wrap\">\n<h5 class=\"wp-block-heading has-text-align-center has-ast-global-color-3-color has-text-color has-link-color wp-elements-ef31ff0d7155cbd18025c62db70bd3cc\">14:00 &#8211; 15:30 Uhr<\/h5>\n\n\n\n<div class=\"wp-block-uagb-separator uagb-block-a03cea98\"><div class=\"wp-block-uagb-separator__inner\" style=\"--my-background-image:\"><\/div><\/div>\n<\/div><\/div>\n\n\n\n<div class=\"wp-block-uagb-container uagb-block-8980b927 alignfull uagb-is-root-container\"><div class=\"uagb-container-inner-blocks-wrap\">\n<h5 class=\"wp-block-heading has-text-align-center has-ast-global-color-3-color has-text-color has-link-color wp-elements-490b5c644d0118f1f935b31226f7f1d3\">Ort:<\/h5>\n<\/div><\/div>\n\n\n\n<div class=\"wp-block-uagb-container uagb-block-4918bacf alignfull uagb-is-root-container\"><div class=\"uagb-container-inner-blocks-wrap\">\n<h5 class=\"wp-block-heading has-text-align-center has-ast-global-color-3-color has-text-color has-link-color wp-elements-1282db0eaf2209ebf547f626f9058f81\">Sporthalle Friedrich-Ebert-Allee<\/h5>\n<\/div><\/div>\n<\/div>\n<\/div>\n\n\n\n<div class=\"wp-block-uagb-container uagb-block-c28cd44d alignfull uagb-is-root-container\">\n<h4 class=\"wp-block-heading alignfull has-text-align-center\">Rh\u00f6nrad<\/h4>\n\n\n\n<div class=\"wp-block-group has-ast-global-color-3-color has-ast-global-color-1-background-color has-text-color has-background has-link-color wp-elements-d6efe64efa6238b3628c064043c44294 is-vertical is-layout-flex wp-container-core-group-is-layout-fe9cc265 wp-block-group-is-layout-flex\">\n<div class=\"wp-block-uagb-container uagb-block-ae7b43ca alignfull uagb-is-root-container\"><div class=\"uagb-container-inner-blocks-wrap\">\n<h5 class=\"wp-block-heading has-text-align-center has-ast-global-color-3-color has-text-color has-link-color wp-elements-4212c1c155d70eca8c4ccd989df2f7db\">Donnerstag,<\/h5>\n<\/div><\/div>\n\n\n\n<div class=\"wp-block-uagb-container uagb-block-76b3fb07 alignfull uagb-is-root-container\"><div class=\"uagb-container-inner-blocks-wrap\">\n<h5 class=\"wp-block-heading has-text-align-center has-ast-global-color-3-color has-text-color has-link-color wp-elements-35677f219f835d252ead7081839ce539\">18:30 &#8211; 19:30 Uhr<\/h5>\n\n\n\n<div class=\"wp-block-uagb-separator uagb-block-1bab8af2\"><div class=\"wp-block-uagb-separator__inner\" style=\"--my-background-image:\"><\/div><\/div>\n<\/div><\/div>\n\n\n\n<div class=\"wp-block-uagb-container uagb-block-5a516bbf alignfull uagb-is-root-container\"><div class=\"uagb-container-inner-blocks-wrap\">\n<h5 class=\"wp-block-heading has-text-align-center has-ast-global-color-3-color has-text-color has-link-color wp-elements-490b5c644d0118f1f935b31226f7f1d3\">Ort:<\/h5>\n<\/div><\/div>\n\n\n\n<div class=\"wp-block-uagb-container uagb-block-082e2a6c alignfull uagb-is-root-container\"><div class=\"uagb-container-inner-blocks-wrap\">\n<h5 class=\"wp-block-heading has-text-align-center has-ast-global-color-3-color has-text-color has-link-color wp-elements-47e7f771af9684cce6b9cd97722aff79\">Sporthalle Grundschule<\/h5>\n<\/div><\/div>\n<\/div>\n<\/div>\n<\/div>\n\n\n\n<div class=\"wp-block-group is-layout-grid wp-container-core-group-is-layout-71eb3c7d wp-block-group-is-layout-grid\" style=\"margin-top:0px;margin-bottom:30px;padding-top:10px;padding-right:30px;padding-bottom:10px;padding-left:30px\">\n<div class=\"wp-block-uagb-container uagb-block-03dbd46b alignfull uagb-is-root-container\">\n<h4 class=\"wp-block-heading alignfull has-text-align-center\">Trampolin &amp; Akrobatik ab ca. 10 Jahre<\/h4>\n\n\n\n<div class=\"wp-block-group has-ast-global-color-3-color has-ast-global-color-1-background-color has-text-color has-background has-link-color wp-elements-642e7b864f958d9b2d89d8ad60c18618 is-vertical is-layout-flex wp-container-core-group-is-layout-fe9cc265 wp-block-group-is-layout-flex\">\n<div class=\"wp-block-uagb-container uagb-block-605ac63f alignfull uagb-is-root-container\"><div class=\"uagb-container-inner-blocks-wrap\">\n<h5 class=\"wp-block-heading has-text-align-center has-ast-global-color-3-color has-text-color has-link-color wp-elements-4212c1c155d70eca8c4ccd989df2f7db\">Donnerstag,<\/h5>\n<\/div><\/div>\n\n\n\n<div class=\"wp-block-uagb-container uagb-block-585d8ffd alignfull uagb-is-root-container\"><div class=\"uagb-container-inner-blocks-wrap\">\n<h5 class=\"wp-block-heading has-text-align-center has-ast-global-color-3-color has-text-color has-link-color wp-elements-3213bc642b035fa1e7e1dc4e59225e87\">17:00 &#8211; 20:00 Uhr<\/h5>\n\n\n\n<div class=\"wp-block-uagb-separator uagb-block-a9bc0ef5\"><div class=\"wp-block-uagb-separator__inner\" style=\"--my-background-image:\"><\/div><\/div>\n<\/div><\/div>\n\n\n\n<div class=\"wp-block-uagb-container uagb-block-9bdaeae0 alignfull uagb-is-root-container\"><div class=\"uagb-container-inner-blocks-wrap\">\n<h5 class=\"wp-block-heading has-text-align-center has-ast-global-color-3-color has-text-color has-link-color wp-elements-490b5c644d0118f1f935b31226f7f1d3\">Ort:<\/h5>\n<\/div><\/div>\n\n\n\n<div class=\"wp-block-uagb-container uagb-block-7117b61a alignfull uagb-is-root-container\"><div class=\"uagb-container-inner-blocks-wrap\">\n<h5 class=\"wp-block-heading has-text-align-center has-ast-global-color-3-color has-text-color has-link-color wp-elements-47e7f771af9684cce6b9cd97722aff79\">Sporthalle Grundschule<\/h5>\n<\/div><\/div>\n<\/div>\n<\/div>\n\n\n\n<div class=\"wp-block-uagb-container uagb-block-29f5532a alignfull uagb-is-root-container\">\n<h4 class=\"wp-block-heading alignfull has-text-align-center\">GiGong &#8211; nur auf Anfrage, da Kurssystem<\/h4>\n\n\n\n<div class=\"wp-block-group has-ast-global-color-3-color has-ast-global-color-1-background-color has-text-color has-background has-link-color wp-elements-ed68dde2209291c56936f47a10dc4bed is-vertical is-layout-flex wp-container-core-group-is-layout-fe9cc265 wp-block-group-is-layout-flex\">\n<div class=\"wp-block-uagb-container uagb-block-53665670 alignfull uagb-is-root-container\"><div class=\"uagb-container-inner-blocks-wrap\">\n<h5 class=\"wp-block-heading has-text-align-center has-ast-global-color-3-color has-text-color has-link-color wp-elements-4212c1c155d70eca8c4ccd989df2f7db\">Donnerstag,<\/h5>\n<\/div><\/div>\n\n\n\n<div class=\"wp-block-uagb-container uagb-block-70a40147 alignfull uagb-is-root-container\"><div class=\"uagb-container-inner-blocks-wrap\">\n<h5 class=\"wp-block-heading has-text-align-center has-ast-global-color-3-color has-text-color has-link-color wp-elements-35677f219f835d252ead7081839ce539\">18:30 &#8211; 19:30 Uhr<\/h5>\n\n\n\n<div class=\"wp-block-uagb-separator uagb-block-193b2d41\"><div class=\"wp-block-uagb-separator__inner\" style=\"--my-background-image:\"><\/div><\/div>\n<\/div><\/div>\n\n\n\n<div class=\"wp-block-uagb-container uagb-block-2fe717f8 alignfull uagb-is-root-container\"><div class=\"uagb-container-inner-blocks-wrap\">\n<h5 class=\"wp-block-heading has-text-align-center has-ast-global-color-3-color has-text-color has-link-color wp-elements-490b5c644d0118f1f935b31226f7f1d3\">Ort:<\/h5>\n<\/div><\/div>\n\n\n\n<div class=\"wp-block-uagb-container uagb-block-f0df4eb1 alignfull uagb-is-root-container\"><div class=\"uagb-container-inner-blocks-wrap\">\n<h5 class=\"wp-block-heading has-text-align-center has-ast-global-color-3-color has-text-color has-link-color wp-elements-10e35e49c6be2d7ac49546d8a360017a\">Vereinsheim (blauer Saal)<\/h5>\n<\/div><\/div>\n<\/div>\n<\/div>\n<\/div>\n\n\n\n<div class=\"wp-block-group is-layout-grid wp-container-core-group-is-layout-71eb3c7d wp-block-group-is-layout-grid\" style=\"margin-top:0px;margin-bottom:30px;padding-top:10px;padding-right:30px;padding-bottom:10px;padding-left:30px\">\n<div class=\"wp-block-uagb-container uagb-block-53d5ce68 alignfull uagb-is-root-container\">\n<h4 class=\"wp-block-heading alignfull has-text-align-center\">Nordic Walking (Sommer) nur auf Anfrage<\/h4>\n\n\n\n<div class=\"wp-block-group has-ast-global-color-3-color has-ast-global-color-1-background-color has-text-color has-background has-link-color wp-elements-bde503ec75e7ba137c99277fb8b0744e is-vertical is-layout-flex wp-container-core-group-is-layout-fe9cc265 wp-block-group-is-layout-flex\">\n<div class=\"wp-block-uagb-container uagb-block-c815ac2c alignfull uagb-is-root-container\"><div class=\"uagb-container-inner-blocks-wrap\">\n<h5 class=\"wp-block-heading has-text-align-center has-ast-global-color-3-color has-text-color has-link-color wp-elements-80ccf11b8d0cc1ed6f427faab66b61d0\">Montag,<\/h5>\n<\/div><\/div>\n\n\n\n<div class=\"wp-block-uagb-container uagb-block-23ed7df9 alignfull uagb-is-root-container\"><div class=\"uagb-container-inner-blocks-wrap\">\n<h5 class=\"wp-block-heading has-text-align-center has-ast-global-color-3-color has-text-color has-link-color wp-elements-631983068785a7f4c8d67a7483464ae2\">16:30 Uhr &#8211;<\/h5>\n\n\n\n<div class=\"wp-block-uagb-separator uagb-block-c7d8c5a3\"><div class=\"wp-block-uagb-separator__inner\" style=\"--my-background-image:\"><\/div><\/div>\n<\/div><\/div>\n\n\n\n<div class=\"wp-block-uagb-container uagb-block-94393da3 alignfull uagb-is-root-container\"><div class=\"uagb-container-inner-blocks-wrap\">\n<h5 class=\"wp-block-heading has-text-align-center has-ast-global-color-3-color has-text-color has-link-color wp-elements-490b5c644d0118f1f935b31226f7f1d3\">Ort:<\/h5>\n<\/div><\/div>\n\n\n\n<div class=\"wp-block-uagb-container uagb-block-6b2ce219 alignfull uagb-is-root-container\"><div class=\"uagb-container-inner-blocks-wrap\">\n<h5 class=\"wp-block-heading has-text-align-center has-ast-global-color-3-color has-text-color has-link-color wp-elements-fd5cfa869a54cd83da09e739533eb846\">Vereinsheim<\/h5>\n<\/div><\/div>\n<\/div>\n<\/div>\n\n\n\n<div class=\"wp-block-uagb-container uagb-block-50dc53e6 alignfull uagb-is-root-container\">\n<h4 class=\"wp-block-heading alignfull has-text-align-center\"><\/h4>\n\n\n\n<div class=\"wp-block-group has-ast-global-color-3-color has-ast-global-color-1-background-color has-text-color has-background has-link-color wp-elements-50900b77c3ee5522a2b86ae493e22e1f is-vertical is-layout-flex wp-container-core-group-is-layout-fe9cc265 wp-block-group-is-layout-flex\">\n<div class=\"wp-block-uagb-container uagb-block-4feb0d59 alignfull uagb-is-root-container\"><div class=\"uagb-container-inner-blocks-wrap\">\n<h5 class=\"wp-block-heading has-text-align-center has-ast-global-color-3-color has-text-color has-link-color wp-elements-01ef3bd3d9be4c1396e5e99cb83390b6\"><\/h5>\n<\/div><\/div>\n\n\n\n<div class=\"wp-block-uagb-container uagb-block-a6c0a969 alignfull uagb-is-root-container\"><div class=\"uagb-container-inner-blocks-wrap\">\n<h5 class=\"wp-block-heading has-text-align-center has-ast-global-color-3-color has-text-color has-link-color wp-elements-01ef3bd3d9be4c1396e5e99cb83390b6\"><\/h5>\n\n\n\n<div class=\"wp-block-uagb-separator uagb-block-a46a4860\"><div class=\"wp-block-uagb-separator__inner\" style=\"--my-background-image:\"><\/div><\/div>\n<\/div><\/div>\n\n\n\n<div class=\"wp-block-uagb-container uagb-block-caa24717 alignfull uagb-is-root-container\"><div class=\"uagb-container-inner-blocks-wrap\">\n<h5 class=\"wp-block-heading has-text-align-center has-ast-global-color-3-color has-text-color has-link-color wp-elements-01ef3bd3d9be4c1396e5e99cb83390b6\"><\/h5>\n<\/div><\/div>\n\n\n\n<div class=\"wp-block-uagb-container uagb-block-7196be79 alignfull uagb-is-root-container\"><div class=\"uagb-container-inner-blocks-wrap\">\n<h5 class=\"wp-block-heading has-text-align-center has-ast-global-color-3-color has-text-color has-link-color wp-elements-01ef3bd3d9be4c1396e5e99cb83390b6\"><\/h5>\n<\/div><\/div>\n<\/div>\n<\/div>\n<\/div>\n\n\n\n<div class=\"wp-block-group is-layout-grid wp-container-core-group-is-layout-71eb3c7d wp-block-group-is-layout-grid\" style=\"margin-top:0px;margin-bottom:30px;padding-top:10px;padding-right:30px;padding-bottom:10px;padding-left:30px\">\n<div class=\"wp-block-uagb-container uagb-block-dd8b406e alignfull uagb-is-root-container\">\n<h4 class=\"wp-block-heading alignfull has-text-align-center\">Wirbels\u00e4ulengymnastik<\/h4>\n\n\n\n<div class=\"wp-block-group has-ast-global-color-3-color has-ast-global-color-1-background-color has-text-color has-background has-link-color wp-elements-7ef2596d440abc7df8be66d3c24368b3 is-vertical is-layout-flex wp-container-core-group-is-layout-fe9cc265 wp-block-group-is-layout-flex\">\n<div class=\"wp-block-uagb-container uagb-block-29e17738 alignfull uagb-is-root-container\"><div class=\"uagb-container-inner-blocks-wrap\">\n<h5 class=\"wp-block-heading has-text-align-center has-ast-global-color-3-color has-text-color has-link-color wp-elements-80ccf11b8d0cc1ed6f427faab66b61d0\">Montag,<\/h5>\n<\/div><\/div>\n\n\n\n<div class=\"wp-block-uagb-container uagb-block-a8977609 alignfull uagb-is-root-container\"><div class=\"uagb-container-inner-blocks-wrap\">\n<h5 class=\"wp-block-heading has-text-align-center has-ast-global-color-3-color has-text-color has-link-color wp-elements-4970d0427b61a3c159cc0c0543370871\">17:00 &#8211; 18:00 Uhr und 18:15 &#8211; 19:15 Uhr<\/h5>\n\n\n\n<div class=\"wp-block-uagb-separator uagb-block-96817c73\"><div class=\"wp-block-uagb-separator__inner\" style=\"--my-background-image:\"><\/div><\/div>\n<\/div><\/div>\n\n\n\n<div class=\"wp-block-uagb-container uagb-block-3ed84ab1 alignfull uagb-is-root-container\"><div class=\"uagb-container-inner-blocks-wrap\">\n<h5 class=\"wp-block-heading has-text-align-center has-ast-global-color-3-color has-text-color has-link-color wp-elements-490b5c644d0118f1f935b31226f7f1d3\">Ort:<\/h5>\n<\/div><\/div>\n\n\n\n<div class=\"wp-block-uagb-container uagb-block-8e55792d alignfull uagb-is-root-container\"><div class=\"uagb-container-inner-blocks-wrap\">\n<h5 class=\"wp-block-heading has-text-align-center has-ast-global-color-3-color has-text-color has-link-color wp-elements-10e35e49c6be2d7ac49546d8a360017a\">Vereinsheim (blauer Saal)<\/h5>\n<\/div><\/div>\n<\/div>\n<\/div>\n\n\n\n<div class=\"wp-block-uagb-container uagb-block-36d1a5de alignfull uagb-is-root-container\">\n<h4 class=\"wp-block-heading alignfull has-text-align-center\">Gymnastik 50+<\/h4>\n\n\n\n<div class=\"wp-block-group has-ast-global-color-3-color has-ast-global-color-1-background-color has-text-color has-background has-link-color wp-elements-200de3fe2237a360983b8f827d743071 is-vertical is-layout-flex wp-container-core-group-is-layout-fe9cc265 wp-block-group-is-layout-flex\">\n<div class=\"wp-block-uagb-container uagb-block-be86ef3f alignfull uagb-is-root-container\"><div class=\"uagb-container-inner-blocks-wrap\">\n<h5 class=\"wp-block-heading has-text-align-center has-ast-global-color-3-color has-text-color has-link-color wp-elements-e7b8485246ce6bd289edf5de4e41ff32\">Dienstag,<\/h5>\n<\/div><\/div>\n\n\n\n<div class=\"wp-block-uagb-container uagb-block-922c06ce alignfull uagb-is-root-container\"><div class=\"uagb-container-inner-blocks-wrap\">\n<h5 class=\"wp-block-heading has-text-align-center has-ast-global-color-3-color has-text-color has-link-color wp-elements-9733a1cdb7eb4d7ab5dfe5c5fa54ac55\">17:15 &#8211; 18:15 Uhr<\/h5>\n\n\n\n<div class=\"wp-block-uagb-separator uagb-block-04e36aba\"><div class=\"wp-block-uagb-separator__inner\" style=\"--my-background-image:\"><\/div><\/div>\n<\/div><\/div>\n\n\n\n<div class=\"wp-block-uagb-container uagb-block-6cfeb62f alignfull uagb-is-root-container\"><div class=\"uagb-container-inner-blocks-wrap\">\n<h5 class=\"wp-block-heading has-text-align-center has-ast-global-color-3-color has-text-color has-link-color wp-elements-490b5c644d0118f1f935b31226f7f1d3\">Ort:<\/h5>\n<\/div><\/div>\n\n\n\n<div class=\"wp-block-uagb-container uagb-block-f9bf8432 alignfull uagb-is-root-container\"><div class=\"uagb-container-inner-blocks-wrap\">\n<h5 class=\"wp-block-heading has-text-align-center has-ast-global-color-3-color has-text-color has-link-color wp-elements-999efec2124a60b98f79d574ce3acb52\">Vereinsheim (gelber Saal)<\/h5>\n<\/div><\/div>\n<\/div>\n<\/div>\n<\/div>\n\n\n\n<div class=\"wp-block-uagb-container uagb-block-7d1568a6 default uagb-is-root-container\">\n<h3 class=\"wp-block-heading alignfull has-text-align-center has-ast-global-color-5-color has-ast-global-color-3-background-color has-text-color has-background has-link-color wp-elements-85d6192b1a38c0706f5f8065c2d0f5be\" style=\"margin-right:0px;margin-left:0px;padding-top:20px;padding-bottom:20px\">Sportst\u00e4tten und Auskunft<\/h3>\n<\/div>\n\n\n\n<div class=\"wp-block-group is-layout-grid wp-container-core-group-is-layout-5b58ce6b wp-block-group-is-layout-grid\" style=\"margin-top:0px;margin-bottom:0px;padding-top:10px;padding-right:30px;padding-bottom:10px;padding-left:30px\">\n<div class=\"wp-block-uagb-container uagb-block-10051faf alignfull uagb-is-root-container\">\n<h4 class=\"wp-block-heading alignfull has-text-align-center\">Sporthalle Grundschule<\/h4>\n\n\n\n<div class=\"wp-block-group has-ast-global-color-3-color has-ast-global-color-1-background-color has-text-color has-background has-link-color wp-elements-934dbb1bdf598daad22d9655f9ef8b57 is-vertical is-layout-flex wp-container-core-group-is-layout-fe9cc265 wp-block-group-is-layout-flex\">\n<div class=\"wp-block-uagb-container uagb-block-2450792f alignfull uagb-is-root-container\"><div class=\"uagb-container-inner-blocks-wrap\">\n<h5 class=\"wp-block-heading has-text-align-center has-ast-global-color-3-color has-text-color has-link-color wp-elements-c786248172eb4efd5314687e62bdb30c\">Laurentiusweg<\/h5>\n\n\n\n<h5 class=\"wp-block-heading has-text-align-center has-ast-global-color-3-color has-text-color has-link-color wp-elements-c69ae2dee8d3f74a0a203c6b07b3bb4e\">31848 Bad M\u00fcnder<\/h5>\n<\/div><\/div>\n\n\n\n<figure class=\"wp-block-image size-full\"><img loading=\"lazy\" decoding=\"async\" width=\"836\" height=\"640\" src=\"https:\/\/demo.xn--tuspo-bad-mnder-9vb.de\/reha-angebote\/wp-content\/uploads\/sites\/25\/2024\/11\/turnhalleGS.png\" alt=\"\" class=\"wp-image-3365\" srcset=\"https:\/\/demo.xn--tuspo-bad-mnder-9vb.de\/turnen\/wp-content\/uploads\/sites\/27\/2024\/11\/turnhalleGS.png 836w, https:\/\/demo.xn--tuspo-bad-mnder-9vb.de\/turnen\/wp-content\/uploads\/sites\/27\/2024\/11\/turnhalleGS-300x230.png 300w, https:\/\/demo.xn--tuspo-bad-mnder-9vb.de\/turnen\/wp-content\/uploads\/sites\/27\/2024\/11\/turnhalleGS-768x588.png 768w\" sizes=\"auto, (max-width: 836px) 100vw, 836px\" \/><\/figure>\n<\/div>\n<\/div>\n\n\n\n<div class=\"wp-block-uagb-container uagb-block-7f9be274 alignfull uagb-is-root-container\">\n<h4 class=\"wp-block-heading alignfull has-text-align-center\">Sporthalle Friedrich-Ebert-Allee<\/h4>\n\n\n\n<div class=\"wp-block-group has-ast-global-color-3-color has-ast-global-color-1-background-color has-text-color has-background has-link-color wp-elements-47f20735bc7a1946d28c4d2462e47989 is-vertical is-layout-flex wp-container-core-group-is-layout-fe9cc265 wp-block-group-is-layout-flex\">\n<div class=\"wp-block-uagb-container uagb-block-f74532d9 alignfull uagb-is-root-container\"><div class=\"uagb-container-inner-blocks-wrap\">\n<h5 class=\"wp-block-heading has-text-align-center has-ast-global-color-3-color has-text-color has-link-color wp-elements-c264bced682eeb301c1a9a7fdb86a9be\">Friedrich-Ebert-Allee<\/h5>\n\n\n\n<h5 class=\"wp-block-heading has-text-align-center has-ast-global-color-3-color has-text-color has-link-color wp-elements-20503a4928bb56f3cae856fa35893460\" style=\"margin-bottom:23px\">31848 Bad M\u00fcnder<\/h5>\n<\/div><\/div>\n\n\n\n<figure class=\"wp-block-image size-full\"><img loading=\"lazy\" decoding=\"async\" width=\"840\" height=\"640\" src=\"https:\/\/demo.xn--tuspo-bad-mnder-9vb.de\/turnen\/wp-content\/uploads\/sites\/27\/2024\/12\/turnhalleAltGS.png\" alt=\"\" class=\"wp-image-3609\" srcset=\"https:\/\/demo.xn--tuspo-bad-mnder-9vb.de\/turnen\/wp-content\/uploads\/sites\/27\/2024\/12\/turnhalleAltGS.png 840w, https:\/\/demo.xn--tuspo-bad-mnder-9vb.de\/turnen\/wp-content\/uploads\/sites\/27\/2024\/12\/turnhalleAltGS-300x229.png 300w, https:\/\/demo.xn--tuspo-bad-mnder-9vb.de\/turnen\/wp-content\/uploads\/sites\/27\/2024\/12\/turnhalleAltGS-768x585.png 768w\" sizes=\"auto, (max-width: 840px) 100vw, 840px\" \/><\/figure>\n<\/div>\n<\/div>\n<\/div>\n\n\n\n<div class=\"wp-block-group is-layout-grid wp-container-core-group-is-layout-5b58ce6b wp-block-group-is-layout-grid\" style=\"margin-top:0px;margin-bottom:0px;padding-top:10px;padding-right:30px;padding-bottom:10px;padding-left:30px\">\n<div class=\"wp-block-uagb-container uagb-block-37435f23 alignfull uagb-is-root-container\">\n<h4 class=\"wp-block-heading alignfull has-text-align-center\">Vereinsheim<\/h4>\n\n\n\n<div class=\"wp-block-group has-ast-global-color-3-color has-ast-global-color-1-background-color has-text-color has-background has-link-color wp-elements-36d1a918ebc61bcdaa52a0b388e88522 is-vertical is-layout-flex wp-container-core-group-is-layout-fe9cc265 wp-block-group-is-layout-flex\">\n<div class=\"wp-block-uagb-container uagb-block-31da11e0 alignfull uagb-is-root-container\"><div class=\"uagb-container-inner-blocks-wrap\">\n<h5 class=\"wp-block-heading has-text-align-center has-ast-global-color-3-color has-text-color has-link-color wp-elements-72b4d78b94ff33bde03a3d2952c97788\" style=\"margin-top:40px;margin-bottom:40px\">Friedrich-Ludwig-Jahn Str. 13<\/h5>\n\n\n\n<h5 class=\"wp-block-heading has-text-align-center has-ast-global-color-3-color has-text-color has-link-color wp-elements-62bfe41bcb9e35e7b4841b3e95f9dfde\" style=\"margin-top:40px;margin-bottom:40px\">31848 Bad M\u00fcnder<\/h5>\n<\/div><\/div>\n\n\n\n<figure class=\"wp-block-image size-full\"><img loading=\"lazy\" decoding=\"async\" width=\"841\" height=\"460\" src=\"https:\/\/demo.xn--tuspo-bad-mnder-9vb.de\/turnen\/wp-content\/uploads\/sites\/27\/2024\/12\/vereinsheim.png\" alt=\"\" class=\"wp-image-3618\" srcset=\"https:\/\/demo.xn--tuspo-bad-mnder-9vb.de\/turnen\/wp-content\/uploads\/sites\/27\/2024\/12\/vereinsheim.png 841w, https:\/\/demo.xn--tuspo-bad-mnder-9vb.de\/turnen\/wp-content\/uploads\/sites\/27\/2024\/12\/vereinsheim-300x164.png 300w, https:\/\/demo.xn--tuspo-bad-mnder-9vb.de\/turnen\/wp-content\/uploads\/sites\/27\/2024\/12\/vereinsheim-768x420.png 768w\" sizes=\"auto, (max-width: 841px) 100vw, 841px\" \/><\/figure>\n<\/div>\n<\/div>\n\n\n\n<div class=\"wp-block-uagb-container uagb-block-5b4a07f3 alignfull uagb-is-root-container\">\n<h4 class=\"wp-block-heading alignfull has-text-align-center\">Auskunft<\/h4>\n\n\n\n<div class=\"wp-block-group has-ast-global-color-3-color has-ast-global-color-1-background-color has-text-color has-background has-link-color wp-elements-41f76caef549de83c0d015594676b646 is-vertical is-layout-flex wp-container-core-group-is-layout-fe9cc265 wp-block-group-is-layout-flex\">\n<div class=\"wp-block-uagb-container uagb-block-fcde6d12 alignfull uagb-is-root-container\"><div class=\"uagb-container-inner-blocks-wrap\">\n<h4 class=\"wp-block-heading has-text-align-center has-ast-global-color-3-color has-text-color has-link-color wp-elements-30a9d601a3b181bb9a5e863bd62c7bf9\">TUSPO Gesch\u00e4ftsstelle<\/h4>\n\n\n      \n\t\t\t<div class=\"uagb-icon-wrapper uagb-block-8850e131      \"\n\t\t\tstyle=\"\" >\n\t\t\t\t\t\t\t\t\t<span class=\"uagb-svg-wrapper\" \n\t\t\t\t\t aria-label=\"phone\"\t\t\t\t\ttabindex=\"0\">\t\t\n\t\t\t\t\t\t\t\t\t\t<svg xmlns=\"https:\/\/www.w3.org\/2000\/svg\" viewBox= \"0 0 512 512\" role=\"graphics-symbol\" aria-hidden=\"false\" aria-label=\"\"><path d=\"M511.2 387l-23.25 100.8c-3.266 14.25-15.79 24.22-30.46 24.22C205.2 512 0 306.8 0 54.5c0-14.66 9.969-27.2 24.22-30.45l100.8-23.25C139.7-2.602 154.7 5.018 160.8 18.92l46.52 108.5c5.438 12.78 1.77 27.67-8.98 36.45L144.5 207.1c33.98 69.22 90.26 125.5 159.5 159.5l44.08-53.8c8.688-10.78 23.69-14.51 36.47-8.975l108.5 46.51C506.1 357.2 514.6 372.4 511.2 387z\"><\/path><\/svg>\n\t\t\t\t\t\t\t\t\t<\/span>\n\t\t\t\t\t\t\t<\/div>\n\t\t\t\n\n\n<h4 class=\"wp-block-heading has-text-align-center has-ast-global-color-3-color has-ast-global-color-1-background-color has-text-color has-background has-link-color wp-elements-abe8f7b46a580a959d8aa79e18e23c0e\">05042\/1727 (AB)<\/h4>\n\n\n      \n\t\t\t<div class=\"uagb-icon-wrapper uagb-block-4050f2fb      \"\n\t\t\tstyle=\"\" >\n\t\t\t\t\t\t\t\t\t<span class=\"uagb-svg-wrapper\" \n\t\t\t\t\t aria-label=\"envelope\"\t\t\t\t\ttabindex=\"0\">\t\t\n\t\t\t\t\t\t\t\t\t\t<svg xmlns=\"https:\/\/www.w3.org\/2000\/svg\" viewBox= \"0 0 512 512\" role=\"graphics-symbol\" aria-hidden=\"false\" aria-label=\"\"><path d=\"M464 64C490.5 64 512 85.49 512 112C512 127.1 504.9 141.3 492.8 150.4L275.2 313.6C263.8 322.1 248.2 322.1 236.8 313.6L19.2 150.4C7.113 141.3 0 127.1 0 112C0 85.49 21.49 64 48 64H464zM217.6 339.2C240.4 356.3 271.6 356.3 294.4 339.2L512 176V384C512 419.3 483.3 448 448 448H64C28.65 448 0 419.3 0 384V176L217.6 339.2z\"><\/path><\/svg>\n\t\t\t\t\t\t\t\t\t<\/span>\n\t\t\t\t\t\t\t<\/div>\n\t\t\t\n\n\n<h4 class=\"wp-block-heading has-text-align-center has-ast-global-color-3-color has-ast-global-color-1-background-color has-text-color has-background has-link-color wp-elements-ace73a1db09fb818a308fd3dac45d5fb\">Tuspo-BadMuender (at) t-online.de<\/h4>\n\n\n      \n\t\t\t<div class=\"uagb-icon-wrapper uagb-block-6c2e2e04      \"\n\t\t\tstyle=\"\" >\n\t\t\t\t\t\t\t\t\t<span class=\"uagb-svg-wrapper\" \n\t\t\t\t\t aria-label=\"globe\"\t\t\t\t\ttabindex=\"0\">\t\t\n\t\t\t\t\t\t\t\t\t\t<svg xmlns=\"https:\/\/www.w3.org\/2000\/svg\" viewBox= \"0 0 512 512\" role=\"graphics-symbol\" aria-hidden=\"false\" aria-label=\"\"><path d=\"M352 256C352 278.2 350.8 299.6 348.7 320H163.3C161.2 299.6 159.1 278.2 159.1 256C159.1 233.8 161.2 212.4 163.3 192H348.7C350.8 212.4 352 233.8 352 256zM503.9 192C509.2 212.5 512 233.9 512 256C512 278.1 509.2 299.5 503.9 320H380.8C382.9 299.4 384 277.1 384 256C384 234 382.9 212.6 380.8 192H503.9zM493.4 160H376.7C366.7 96.14 346.9 42.62 321.4 8.442C399.8 29.09 463.4 85.94 493.4 160zM344.3 160H167.7C173.8 123.6 183.2 91.38 194.7 65.35C205.2 41.74 216.9 24.61 228.2 13.81C239.4 3.178 248.7 0 256 0C263.3 0 272.6 3.178 283.8 13.81C295.1 24.61 306.8 41.74 317.3 65.35C328.8 91.38 338.2 123.6 344.3 160H344.3zM18.61 160C48.59 85.94 112.2 29.09 190.6 8.442C165.1 42.62 145.3 96.14 135.3 160H18.61zM131.2 192C129.1 212.6 127.1 234 127.1 256C127.1 277.1 129.1 299.4 131.2 320H8.065C2.8 299.5 0 278.1 0 256C0 233.9 2.8 212.5 8.065 192H131.2zM194.7 446.6C183.2 420.6 173.8 388.4 167.7 352H344.3C338.2 388.4 328.8 420.6 317.3 446.6C306.8 470.3 295.1 487.4 283.8 498.2C272.6 508.8 263.3 512 255.1 512C248.7 512 239.4 508.8 228.2 498.2C216.9 487.4 205.2 470.3 194.7 446.6H194.7zM190.6 503.6C112.2 482.9 48.59 426.1 18.61 352H135.3C145.3 415.9 165.1 469.4 190.6 503.6V503.6zM321.4 503.6C346.9 469.4 366.7 415.9 376.7 352H493.4C463.4 426.1 399.8 482.9 321.4 503.6V503.6z\"><\/path><\/svg>\n\t\t\t\t\t\t\t\t\t<\/span>\n\t\t\t\t\t\t\t<\/div>\n\t\t\t\n\n\n<h4 class=\"wp-block-heading has-text-align-center dasBlaue has-ast-global-color-3-color has-text-color has-link-color wp-elements-1ac8c71cb747e7d9de77690c02bc9ec3\" style=\"margin-top:var(--wp--preset--spacing--50);padding-top:0px\"><a class=\"dasBlaue\" href=\"https:\/\/tuspo-bad-m\u00fcnder.de\">tuspo-bad-m\u00fcnder.de<\/a><\/h4>\n<\/div><\/div>\n<\/div>\n<\/div>\n<\/div>\n\n\n\n<p><\/p>\n","protected":false},"excerpt":{"rendered":"<p>Willkommen bei der Turn-Abteilung Die Turnabteilung bietet sportliche Aktivit\u00e4ten f\u00fcr jung und alt, vom Kleinkinderturnen bis zur Seniorengymnastik. Einfach mal [&hellip;]<\/p>\n","protected":false},"author":1,"featured_media":0,"parent":0,"menu_order":0,"comment_status":"closed","ping_status":"closed","template":"","meta":{"_uag_custom_page_level_css":"","site-sidebar-layout":"default","site-content-layout":"plain-container","ast-site-content-layout":"default","site-content-style":"default","site-sidebar-style":"unboxed","ast-global-header-display":"","ast-banner-title-visibility":"disabled","ast-main-header-display":"","ast-hfb-above-header-display":"","ast-hfb-below-header-display":"","ast-hfb-mobile-header-display":"","site-post-title":"disabled","ast-breadcrumbs-content":"","ast-featured-img":"disabled","footer-sml-layout":"","ast-disable-related-posts":"","theme-transparent-header-meta":"default","adv-header-id-meta":"","stick-header-meta":"","header-above-stick-meta":"","header-main-stick-meta":"","header-below-stick-meta":"","astra-migrate-meta-layouts":"set","ast-page-background-enabled":"default","ast-page-background-meta":{"desktop":{"background-color":"","background-image":"","background-repeat":"repeat","background-position":"center center","background-size":"auto","background-attachment":"scroll","background-type":"","background-media":"","overlay-type":"","overlay-color":"","overlay-opacity":"","overlay-gradient":""},"tablet":{"background-color":"","background-image":"","background-repeat":"repeat","background-position":"center center","background-size":"auto","background-attachment":"scroll","background-type":"","background-media":"","overlay-type":"","overlay-color":"","overlay-opacity":"","overlay-gradient":""},"mobile":{"background-color":"","background-image":"","background-repeat":"repeat","background-position":"center center","background-size":"auto","background-attachment":"scroll","background-type":"","background-media":"","overlay-type":"","overlay-color":"","overlay-opacity":"","overlay-gradient":""}},"ast-content-background-meta":{"desktop":{"background-color":"var(--ast-global-color-5)","background-image":"","background-repeat":"repeat","background-position":"center center","background-size":"auto","background-attachment":"scroll","background-type":"","background-media":"","overlay-type":"","overlay-color":"","overlay-opacity":"","overlay-gradient":""},"tablet":{"background-color":"var(--ast-global-color-5)","background-image":"","background-repeat":"repeat","background-position":"center center","background-size":"auto","background-attachment":"scroll","background-type":"","background-media":"","overlay-type":"","overlay-color":"","overlay-opacity":"","overlay-gradient":""},"mobile":{"background-color":"var(--ast-global-color-5)","background-image":"","background-repeat":"repeat","background-position":"center center","background-size":"auto","background-attachment":"scroll","background-type":"","background-media":"","overlay-type":"","overlay-color":"","overlay-opacity":"","overlay-gradient":""}},"footnotes":""},"class_list":["post-1718","page","type-page","status-publish","hentry"],"uagb_featured_image_src":{"full":false,"thumbnail":false,"medium":false,"medium_large":false,"large":false,"1536x1536":false,"2048x2048":false},"uagb_author_info":{"display_name":"sv-gr@gmx.de","author_link":"https:\/\/demo.xn--tuspo-bad-mnder-9vb.de\/turnen\/author\/sv-grgmx-de\/"},"uagb_comment_info":0,"uagb_excerpt":"Willkommen bei der Turn-Abteilung Die Turnabteilung bietet sportliche Aktivit\u00e4ten f\u00fcr jung und alt, vom Kleinkinderturnen bis zur Seniorengymnastik. Einfach mal [&hellip;]","_links":{"self":[{"href":"https:\/\/demo.xn--tuspo-bad-mnder-9vb.de\/turnen\/wp-json\/wp\/v2\/pages\/1718","targetHints":{"allow":["GET"]}}],"collection":[{"href":"https:\/\/demo.xn--tuspo-bad-mnder-9vb.de\/turnen\/wp-json\/wp\/v2\/pages"}],"about":[{"href":"https:\/\/demo.xn--tuspo-bad-mnder-9vb.de\/turnen\/wp-json\/wp\/v2\/types\/page"}],"author":[{"embeddable":true,"href":"https:\/\/demo.xn--tuspo-bad-mnder-9vb.de\/turnen\/wp-json\/wp\/v2\/users\/1"}],"replies":[{"embeddable":true,"href":"https:\/\/demo.xn--tuspo-bad-mnder-9vb.de\/turnen\/wp-json\/wp\/v2\/comments?post=1718"}],"version-history":[{"count":100,"href":"https:\/\/demo.xn--tuspo-bad-mnder-9vb.de\/turnen\/wp-json\/wp\/v2\/pages\/1718\/revisions"}],"predecessor-version":[{"id":3655,"href":"https:\/\/demo.xn--tuspo-bad-mnder-9vb.de\/turnen\/wp-json\/wp\/v2\/pages\/1718\/revisions\/3655"}],"wp:attachment":[{"href":"https:\/\/demo.xn--tuspo-bad-mnder-9vb.de\/turnen\/wp-json\/wp\/v2\/media?parent=1718"}],"curies":[{"name":"wp","href":"https:\/\/api.w.org\/{rel}","templated":true}]}}