{"id":1718,"date":"2024-10-02T02:14:37","date_gmt":"2024-10-02T00:14:37","guid":{"rendered":"https:\/\/demo.xn--tuspo-bad-mnder-9vb.de\/fussball\/home\/"},"modified":"2025-09-02T22:44:08","modified_gmt":"2025-09-02T20:44:08","slug":"home","status":"publish","type":"page","link":"https:\/\/demo.xn--tuspo-bad-mnder-9vb.de\/fussball\/","title":{"rendered":""},"content":{"rendered":"\n<div class=\"wp-block-cover alignfull\" style=\"min-height:470px;aspect-ratio:unset;\"><span aria-hidden=\"true\" class=\"wp-block-cover__background has-ast-global-color-5-background-color has-background-dim-0 has-background-dim\"><\/span><img loading=\"lazy\" decoding=\"async\" width=\"1280\" height=\"853\" class=\"wp-block-cover__image-background wp-image-2330\" alt=\"\" src=\"https:\/\/demo.xn--tuspo-bad-mnder-9vb.de\/fussball\/wp-content\/uploads\/sites\/23\/2024\/10\/fussball.jpg\" data-object-fit=\"cover\" srcset=\"https:\/\/demo.xn--tuspo-bad-mnder-9vb.de\/fussball\/wp-content\/uploads\/sites\/23\/2024\/10\/fussball.jpg 1280w, https:\/\/demo.xn--tuspo-bad-mnder-9vb.de\/fussball\/wp-content\/uploads\/sites\/23\/2024\/10\/fussball-300x200.jpg 300w, https:\/\/demo.xn--tuspo-bad-mnder-9vb.de\/fussball\/wp-content\/uploads\/sites\/23\/2024\/10\/fussball-1024x682.jpg 1024w, https:\/\/demo.xn--tuspo-bad-mnder-9vb.de\/fussball\/wp-content\/uploads\/sites\/23\/2024\/10\/fussball-768x512.jpg 768w\" sizes=\"auto, (max-width: 1280px) 100vw, 1280px\" \/><div class=\"wp-block-cover__inner-container is-layout-constrained wp-container-core-cover-is-layout-e555385e wp-block-cover-is-layout-constrained\">\n\n<p class=\"has-text-align-center has-large-font-size\"><\/p>\n\n<\/div><\/div>\n\n\n\n<div class=\"wp-block-uagb-container uagb-block-3c2b710f alignfull uagb-is-root-container\"><div class=\"uagb-container-inner-blocks-wrap\">\n\t\t\t<div class=\"wp-block-uagb-post-grid uagb-post-grid  uagb-post__image-position-top uagb-post__image-enabled uagb-block-f59c426d     uagb-post__items uagb-post__columns-3 is-grid uagb-post__columns-tablet-2 uagb-post__columns-mobile-1 uagb-post__equal-height uagb-equal_height_inline-read-more-buttons\" data-total=\"0\" style=\"\">\n\n\t\t\t\t\t\t\t\t\t<p class=\"uagb-post__no-posts\">\n\t\t\t\t\t\t\t\t\t\t\t<\/p>\n\t\t\t\t\t\t\t\t\t\t<div class=\"uagb-post-pagination-wrap\">\n\t\t\t\t\t\t\t\t\t\t\t<\/div>\n\t\t\t\t\t\t\t\t<\/div>\n\t\t\t<\/div><\/div>\n\n\n\n<h2 class=\"wp-block-heading has-text-align-center has-ast-global-color-3-color has-ast-global-color-5-background-color has-text-color has-background has-link-color wp-elements-edc87fd312795966e9274e58924a90ee\" style=\"padding-top:20px;padding-bottom:20px\"><strong>Willkommen bei der Fu\u00dfball-Abteilung<\/strong><\/h2>\n\n\n\n<h2 class=\"wp-block-heading has-text-align-center has-ast-global-color-3-color has-ast-global-color-5-background-color has-text-color has-background has-link-color wp-elements-09aff37a92a8ae899052450f9be29971\" style=\"padding-top:20px;padding-bottom:20px\"><strong>Wir sind (d)ein Team!<\/strong><\/h2>\n\n\n\n<p class=\"has-medium-font-size\" style=\"line-height:2\">Wir wollen Kindern und Jugendlichen ein Umfeld schaffen, in dem sich jeder wohlf\u00fchlt und neue Freundschaften schlie\u00dfen kann.<br>Die F\u00f6rderung der k\u00f6rperlichen, sozialen und geistigen Entwicklung geh\u00f6rt zu unseren wichtigen Aufgaben.<br>Wir vermitteln einen ehrlichen offenen Umgang, Fairness, Zuverl\u00e4ssigkeit und gegenseitige Hilfsbereitschaft, um unser Ziel zu erreichen: Spa\u00df am Sport<\/p>\n\n\n\n<div class=\"wp-block-uagb-container uagb-block-e0921a45 alignfull uagb-is-root-container\">\n<h2 class=\"wp-block-heading has-text-align-center has-ast-global-color-5-color has-ast-global-color-3-background-color has-text-color has-background has-link-color wp-elements-eecb60299c4dc10fab9ab9a3a23e528f\" id=\"training\" style=\"padding-top:20px;padding-bottom:20px\"><strong>Training<\/strong><\/h2>\n<\/div>\n\n\n\n<div class=\"wp-block-group is-layout-grid wp-container-core-group-is-layout-71eb3c7d wp-block-group-is-layout-grid\" style=\"margin-top:0px;margin-bottom:30px;padding-top:10px;padding-right:30px;padding-bottom:10px;padding-left:30px\">\n<div class=\"wp-block-uagb-container uagb-block-38bbf7f6 alignfull uagb-is-root-container\">\n<h4 class=\"wp-block-heading alignfull has-text-align-center\">G-Junioren<\/h4>\n\n\n\n<div class=\"wp-block-group has-ast-global-color-3-color has-ast-global-color-1-background-color has-text-color has-background has-link-color wp-elements-6e3b3eec7553552d9710a6d9ac8a8f3e is-vertical is-layout-flex wp-container-core-group-is-layout-fe9cc265 wp-block-group-is-layout-flex\">\n<div class=\"wp-block-uagb-container uagb-block-fe169192 alignfull uagb-is-root-container\"><div class=\"uagb-container-inner-blocks-wrap\">\n<h5 class=\"wp-block-heading has-text-align-center has-ast-global-color-3-color has-text-color has-link-color wp-elements-b6a75d07351b413237793d05a860a1e2\">Sommer:<\/h5>\n\n\n\n<h5 class=\"wp-block-heading has-text-align-center has-ast-global-color-3-color has-text-color has-link-color wp-elements-e7b8485246ce6bd289edf5de4e41ff32\">Dienstag,<\/h5>\n<\/div><\/div>\n\n\n\n<div class=\"wp-block-uagb-container uagb-block-07c3e618 alignfull uagb-is-root-container\"><div class=\"uagb-container-inner-blocks-wrap\">\n<h5 class=\"wp-block-heading has-text-align-center has-ast-global-color-3-color has-text-color has-link-color wp-elements-e4208f11397b451682c8269464e95487\">16:00 &#8211; 17:00 Uhr<\/h5>\n\n\n\n<h5 class=\"wp-block-heading has-text-align-center has-ast-global-color-3-color has-text-color has-link-color wp-elements-baaf11cc7006b4f435b0b31645ff0041\">Ort: Stadion<\/h5>\n\n\n\n<div class=\"wp-block-uagb-separator uagb-block-af36010d\"><div class=\"wp-block-uagb-separator__inner\" style=\"--my-background-image:\"><\/div><\/div>\n<\/div><\/div>\n\n\n\n<div class=\"wp-block-uagb-container uagb-block-1841f96e alignfull uagb-is-root-container\"><div class=\"uagb-container-inner-blocks-wrap\">\n<h5 class=\"wp-block-heading has-text-align-center has-ast-global-color-3-color has-text-color has-link-color wp-elements-08f375cfcb6784c7ab6dd6be61104c73\">Winter:<\/h5>\n<\/div><\/div>\n\n\n\n<div class=\"wp-block-uagb-container uagb-block-ee7fb004 alignfull uagb-is-root-container\"><div class=\"uagb-container-inner-blocks-wrap\">\n<h5 class=\"wp-block-heading has-text-align-center has-ast-global-color-3-color has-text-color has-link-color wp-elements-e7b8485246ce6bd289edf5de4e41ff32\">Dienstag,<\/h5>\n\n\n\n<h5 class=\"wp-block-heading has-text-align-center has-ast-global-color-3-color has-text-color has-link-color wp-elements-e4208f11397b451682c8269464e95487\">16:00 &#8211; 17:00 Uhr<\/h5>\n\n\n\n<h5 class=\"wp-block-heading has-text-align-center has-ast-global-color-3-color has-text-color has-link-color wp-elements-d8d43e2f5df2af55db14eab09e0c35cd\">Ort: KGS-Halle<\/h5>\n<\/div><\/div>\n<\/div>\n<\/div>\n\n\n\n<div class=\"wp-block-uagb-container uagb-block-369f8ff6 alignfull uagb-is-root-container\">\n<h4 class=\"wp-block-heading alignfull has-text-align-center\">F-Junioren<\/h4>\n\n\n\n<div class=\"wp-block-group has-ast-global-color-3-color has-ast-global-color-1-background-color has-text-color has-background has-link-color wp-elements-40f56684fa9e19fb989d56babd31eb90 is-vertical is-layout-flex wp-container-core-group-is-layout-fe9cc265 wp-block-group-is-layout-flex\">\n<div class=\"wp-block-uagb-container uagb-block-d5915972 alignfull uagb-is-root-container\"><div class=\"uagb-container-inner-blocks-wrap\">\n<h5 class=\"wp-block-heading has-text-align-center has-ast-global-color-3-color has-text-color has-link-color wp-elements-b6a75d07351b413237793d05a860a1e2\">Sommer:<\/h5>\n\n\n\n<h5 class=\"wp-block-heading has-text-align-center has-ast-global-color-3-color has-text-color has-link-color wp-elements-e7b8485246ce6bd289edf5de4e41ff32\">Dienstag,<\/h5>\n\n\n\n<h5 class=\"wp-block-heading has-text-align-center has-ast-global-color-3-color has-text-color has-link-color wp-elements-41e875404dc141445af52e96c0eb17cb\">17:00 &#8211; 18:00 Uhr;<\/h5>\n\n\n\n<h5 class=\"wp-block-heading has-text-align-center has-ast-global-color-3-color has-text-color has-link-color wp-elements-b09b6284fad546e539da49713b1122e2\">Freitag,<\/h5>\n<\/div><\/div>\n\n\n\n<div class=\"wp-block-uagb-container uagb-block-035f7e32 alignfull uagb-is-root-container\"><div class=\"uagb-container-inner-blocks-wrap\">\n<h5 class=\"wp-block-heading has-text-align-center has-ast-global-color-3-color has-text-color has-link-color wp-elements-e4208f11397b451682c8269464e95487\">16:00 &#8211; 17:00 Uhr<\/h5>\n\n\n\n<h5 class=\"wp-block-heading has-text-align-center has-ast-global-color-3-color has-text-color has-link-color wp-elements-baaf11cc7006b4f435b0b31645ff0041\">Ort: Stadion<\/h5>\n\n\n\n<div class=\"wp-block-uagb-separator uagb-block-184f0c9e\"><div class=\"wp-block-uagb-separator__inner\" style=\"--my-background-image:\"><\/div><\/div>\n<\/div><\/div>\n\n\n\n<div class=\"wp-block-uagb-container uagb-block-d27444f7 alignfull uagb-is-root-container\"><div class=\"uagb-container-inner-blocks-wrap\">\n<h5 class=\"wp-block-heading has-text-align-center has-ast-global-color-3-color has-text-color has-link-color wp-elements-33b6eb6c2bdd0d66e6a0a734e5751322\">Winter: Dienstag<\/h5>\n<\/div><\/div>\n\n\n\n<div class=\"wp-block-uagb-container uagb-block-d9c20c96 alignfull uagb-is-root-container\"><div class=\"uagb-container-inner-blocks-wrap\">\n<h5 class=\"wp-block-heading has-text-align-center has-ast-global-color-3-color has-text-color has-link-color wp-elements-e9cfcf6c84548ffc611bced67ce7d334\">17:00 &#8211; 18:00 Uhr; Ort: KGS-Halle<\/h5>\n<\/div><\/div>\n<\/div>\n<\/div>\n<\/div>\n\n\n\n<div class=\"wp-block-group is-layout-grid wp-container-core-group-is-layout-71eb3c7d wp-block-group-is-layout-grid\" style=\"margin-top:0px;margin-bottom:30px;padding-top:10px;padding-right:30px;padding-bottom:10px;padding-left:30px\">\n<div class=\"wp-block-uagb-container uagb-block-a6ec5264 alignfull uagb-is-root-container\">\n<h4 class=\"wp-block-heading alignfull has-text-align-center\">Altsenioren<\/h4>\n\n\n\n<div class=\"wp-block-group has-ast-global-color-3-color has-ast-global-color-1-background-color has-text-color has-background has-link-color wp-elements-66fd7218a70674cffbe2dd0587726665 is-vertical is-layout-flex wp-container-core-group-is-layout-fe9cc265 wp-block-group-is-layout-flex\">\n<div class=\"wp-block-uagb-container uagb-block-ab354eaf alignfull uagb-is-root-container\"><div class=\"uagb-container-inner-blocks-wrap\">\n<h5 class=\"wp-block-heading has-text-align-center has-ast-global-color-3-color has-text-color has-link-color wp-elements-b269496bf11b2ad9ec973326ca317cee\">Mittwoch,<\/h5>\n<\/div><\/div>\n\n\n\n<div class=\"wp-block-uagb-container uagb-block-0301b84a alignfull uagb-is-root-container\"><div class=\"uagb-container-inner-blocks-wrap\">\n<h5 class=\"wp-block-heading has-text-align-center has-ast-global-color-3-color has-text-color has-link-color wp-elements-97729b7faca10deb9162525023c455bb\">18:30 &#8211; 20:00 Uhr<\/h5>\n\n\n\n<div class=\"wp-block-uagb-separator uagb-block-5489fa3a\"><div class=\"wp-block-uagb-separator__inner\" style=\"--my-background-image:\"><\/div><\/div>\n<\/div><\/div>\n\n\n\n<div class=\"wp-block-uagb-container uagb-block-2d8e9983 alignfull uagb-is-root-container\"><div class=\"uagb-container-inner-blocks-wrap\">\n<h5 class=\"wp-block-heading has-text-align-center has-ast-global-color-3-color has-text-color has-link-color wp-elements-490b5c644d0118f1f935b31226f7f1d3\">Ort:<\/h5>\n<\/div><\/div>\n\n\n\n<div class=\"wp-block-uagb-container uagb-block-7b1cf9be alignfull uagb-is-root-container\"><div class=\"uagb-container-inner-blocks-wrap\">\n<h5 class=\"wp-block-heading has-text-align-center has-ast-global-color-3-color has-text-color has-link-color wp-elements-b4d7d3b41b5de04c593b4fd4b348be81\">Stadion<\/h5>\n<\/div><\/div>\n<\/div>\n<\/div>\n\n\n\n<div class=\"wp-block-uagb-container uagb-block-0d91ded6 alignfull uagb-is-root-container\">\n<h4 class=\"wp-block-heading alignfull has-text-align-center\">1. Herren<\/h4>\n\n\n\n<div class=\"wp-block-group has-ast-global-color-3-color has-ast-global-color-1-background-color has-text-color has-background has-link-color wp-elements-6838c89ff4936180b012662d228d8834 is-vertical is-layout-flex wp-container-core-group-is-layout-fe9cc265 wp-block-group-is-layout-flex\">\n<div class=\"wp-block-uagb-container uagb-block-fd32901b alignfull uagb-is-root-container\"><div class=\"uagb-container-inner-blocks-wrap\">\n<h5 class=\"wp-block-heading has-text-align-center has-ast-global-color-3-color has-text-color has-link-color wp-elements-4a236dc1de498065204e8c3ce59e3a30\">Sommer: Dienstag + Donnerstag<\/h5>\n<\/div><\/div>\n\n\n\n<div class=\"wp-block-uagb-container uagb-block-78337f03 alignfull uagb-is-root-container\"><div class=\"uagb-container-inner-blocks-wrap\">\n<h5 class=\"wp-block-heading has-text-align-center has-ast-global-color-3-color has-text-color has-link-color wp-elements-97729b7faca10deb9162525023c455bb\">18:30 &#8211; 20:00 Uhr<\/h5>\n\n\n\n<div class=\"wp-block-uagb-separator uagb-block-93a04d83\"><div class=\"wp-block-uagb-separator__inner\" style=\"--my-background-image:\"><\/div><\/div>\n<\/div><\/div>\n\n\n\n<div class=\"wp-block-uagb-container uagb-block-cf88a04c alignfull uagb-is-root-container\"><div class=\"uagb-container-inner-blocks-wrap\">\n<h5 class=\"wp-block-heading has-text-align-center has-ast-global-color-3-color has-text-color has-link-color wp-elements-490b5c644d0118f1f935b31226f7f1d3\">Ort:<\/h5>\n<\/div><\/div>\n\n\n\n<div class=\"wp-block-uagb-container uagb-block-85bf7d1f alignfull uagb-is-root-container\"><div class=\"uagb-container-inner-blocks-wrap\">\n<h5 class=\"wp-block-heading has-text-align-center has-ast-global-color-3-color has-text-color has-link-color wp-elements-b4d7d3b41b5de04c593b4fd4b348be81\">Stadion<\/h5>\n<\/div><\/div>\n<\/div>\n<\/div>\n<\/div>\n\n\n\n<div class=\"wp-block-uagb-container uagb-block-7d1568a6 default uagb-is-root-container\">\n<h3 class=\"wp-block-heading alignfull has-text-align-center has-ast-global-color-5-color has-ast-global-color-3-background-color has-text-color has-background has-link-color wp-elements-85d6192b1a38c0706f5f8065c2d0f5be\" style=\"margin-right:0px;margin-left:0px;padding-top:20px;padding-bottom:20px\">Sportst\u00e4tten und Auskunft<\/h3>\n<\/div>\n\n\n\n<div class=\"wp-block-group is-layout-grid wp-container-core-group-is-layout-5b58ce6b wp-block-group-is-layout-grid\" style=\"margin-top:0px;margin-bottom:0px;padding-top:10px;padding-right:30px;padding-bottom:10px;padding-left:30px\">\n<div class=\"wp-block-uagb-container uagb-block-37435f23 alignfull uagb-is-root-container\">\n<h4 class=\"wp-block-heading alignfull has-text-align-center\">Sporthalle KGS \/ Stadion<\/h4>\n\n\n\n<div class=\"wp-block-group has-ast-global-color-3-color has-ast-global-color-1-background-color has-text-color has-background has-link-color wp-elements-4c43cc4d6bf47127f71be7b70251a7b7 is-vertical is-layout-flex wp-container-core-group-is-layout-fe9cc265 wp-block-group-is-layout-flex\">\n<div class=\"wp-block-uagb-container uagb-block-31da11e0 alignfull uagb-is-root-container\"><div class=\"uagb-container-inner-blocks-wrap\">\n<h5 class=\"wp-block-heading has-text-align-center has-ast-global-color-3-color has-text-color has-link-color wp-elements-a0f3399626e1aee4e328b1bdc8651b37\">Bahnhofstr. 52 \/ Friedrich-Ludwig-Jahn Str. 13<\/h5>\n\n\n\n<h5 class=\"wp-block-heading has-text-align-center has-ast-global-color-3-color has-text-color has-link-color wp-elements-c69ae2dee8d3f74a0a203c6b07b3bb4e\">31848 Bad M\u00fcnder<\/h5>\n<\/div><\/div>\n\n\n\n<figure class=\"wp-block-image size-full\"><img loading=\"lazy\" decoding=\"async\" width=\"841\" height=\"639\" src=\"https:\/\/demo.xn--tuspo-bad-mnder-9vb.de\/fussball\/wp-content\/uploads\/sites\/23\/2024\/11\/turnhalleKGS.png\" alt=\"\" class=\"wp-image-3368\" srcset=\"https:\/\/demo.xn--tuspo-bad-mnder-9vb.de\/fussball\/wp-content\/uploads\/sites\/23\/2024\/11\/turnhalleKGS.png 841w, https:\/\/demo.xn--tuspo-bad-mnder-9vb.de\/fussball\/wp-content\/uploads\/sites\/23\/2024\/11\/turnhalleKGS-300x228.png 300w, https:\/\/demo.xn--tuspo-bad-mnder-9vb.de\/fussball\/wp-content\/uploads\/sites\/23\/2024\/11\/turnhalleKGS-768x584.png 768w\" sizes=\"auto, (max-width: 841px) 100vw, 841px\" \/><\/figure>\n<\/div>\n<\/div>\n\n\n\n<div class=\"wp-block-uagb-container uagb-block-5b4a07f3 alignfull uagb-is-root-container\">\n<h4 class=\"wp-block-heading alignfull has-text-align-center\">Auskunft<\/h4>\n\n\n\n<div class=\"wp-block-group has-ast-global-color-3-color has-ast-global-color-1-background-color has-text-color has-background has-link-color wp-elements-e843f2caf000e018ab619798eec82496 is-vertical is-layout-flex wp-container-core-group-is-layout-fe9cc265 wp-block-group-is-layout-flex\">\n<div class=\"wp-block-uagb-container uagb-block-fcde6d12 alignfull uagb-is-root-container\"><div class=\"uagb-container-inner-blocks-wrap\">\n<h4 class=\"wp-block-heading has-text-align-center has-ast-global-color-3-color has-text-color has-link-color wp-elements-416fc42fe040eac785787b95fd979f9b\">Ralf Wilkening<\/h4>\n\n\n      \n\t\t\t<div class=\"uagb-icon-wrapper uagb-block-8850e131      \"\n\t\t\tstyle=\"\" >\n\t\t\t\t\t\t\t\t\t<span class=\"uagb-svg-wrapper\" \n\t\t\t\t\t aria-label=\"phone\"\t\t\t\t\ttabindex=\"0\">\t\t\n\t\t\t\t\t\t\t\t\t\t<svg xmlns=\"https:\/\/www.w3.org\/2000\/svg\" viewBox= \"0 0 512 512\" role=\"graphics-symbol\" aria-hidden=\"false\" aria-label=\"\"><path d=\"M511.2 387l-23.25 100.8c-3.266 14.25-15.79 24.22-30.46 24.22C205.2 512 0 306.8 0 54.5c0-14.66 9.969-27.2 24.22-30.45l100.8-23.25C139.7-2.602 154.7 5.018 160.8 18.92l46.52 108.5c5.438 12.78 1.77 27.67-8.98 36.45L144.5 207.1c33.98 69.22 90.26 125.5 159.5 159.5l44.08-53.8c8.688-10.78 23.69-14.51 36.47-8.975l108.5 46.51C506.1 357.2 514.6 372.4 511.2 387z\"><\/path><\/svg>\n\t\t\t\t\t\t\t\t\t<\/span>\n\t\t\t\t\t\t\t<\/div>\n\t\t\t\n\n\n<h4 class=\"wp-block-heading has-text-align-center has-ast-global-color-3-color has-ast-global-color-1-background-color has-text-color has-background has-link-color wp-elements-1c53986cb86cca30a862ac4318c7db9b\">05042\/9956389<\/h4>\n\n\n      \n\t\t\t<div class=\"uagb-icon-wrapper uagb-block-6c2e2e04      \"\n\t\t\tstyle=\"\" >\n\t\t\t\t\t\t\t\t\t<span class=\"uagb-svg-wrapper\" \n\t\t\t\t\t aria-label=\"globe\"\t\t\t\t\ttabindex=\"0\">\t\t\n\t\t\t\t\t\t\t\t\t\t<svg xmlns=\"https:\/\/www.w3.org\/2000\/svg\" viewBox= \"0 0 512 512\" role=\"graphics-symbol\" aria-hidden=\"false\" aria-label=\"\"><path d=\"M352 256C352 278.2 350.8 299.6 348.7 320H163.3C161.2 299.6 159.1 278.2 159.1 256C159.1 233.8 161.2 212.4 163.3 192H348.7C350.8 212.4 352 233.8 352 256zM503.9 192C509.2 212.5 512 233.9 512 256C512 278.1 509.2 299.5 503.9 320H380.8C382.9 299.4 384 277.1 384 256C384 234 382.9 212.6 380.8 192H503.9zM493.4 160H376.7C366.7 96.14 346.9 42.62 321.4 8.442C399.8 29.09 463.4 85.94 493.4 160zM344.3 160H167.7C173.8 123.6 183.2 91.38 194.7 65.35C205.2 41.74 216.9 24.61 228.2 13.81C239.4 3.178 248.7 0 256 0C263.3 0 272.6 3.178 283.8 13.81C295.1 24.61 306.8 41.74 317.3 65.35C328.8 91.38 338.2 123.6 344.3 160H344.3zM18.61 160C48.59 85.94 112.2 29.09 190.6 8.442C165.1 42.62 145.3 96.14 135.3 160H18.61zM131.2 192C129.1 212.6 127.1 234 127.1 256C127.1 277.1 129.1 299.4 131.2 320H8.065C2.8 299.5 0 278.1 0 256C0 233.9 2.8 212.5 8.065 192H131.2zM194.7 446.6C183.2 420.6 173.8 388.4 167.7 352H344.3C338.2 388.4 328.8 420.6 317.3 446.6C306.8 470.3 295.1 487.4 283.8 498.2C272.6 508.8 263.3 512 255.1 512C248.7 512 239.4 508.8 228.2 498.2C216.9 487.4 205.2 470.3 194.7 446.6H194.7zM190.6 503.6C112.2 482.9 48.59 426.1 18.61 352H135.3C145.3 415.9 165.1 469.4 190.6 503.6V503.6zM321.4 503.6C346.9 469.4 366.7 415.9 376.7 352H493.4C463.4 426.1 399.8 482.9 321.4 503.6V503.6z\"><\/path><\/svg>\n\t\t\t\t\t\t\t\t\t<\/span>\n\t\t\t\t\t\t\t<\/div>\n\t\t\t\n\n\n<h4 class=\"wp-block-heading has-text-align-center dasBlaue has-ast-global-color-3-color has-text-color has-link-color wp-elements-7d978f88e77768bfadf62fe316042e2c\" style=\"margin-top:var(--wp--preset--spacing--50);padding-top:0px\"><a class=\"dasBlaue\" href=\"https:\/\/www.badmuender-fussball.de\/\">badmuender-fussball.de<\/a><\/h4>\n<\/div><\/div>\n<\/div>\n<\/div>\n<\/div>\n","protected":false},"excerpt":{"rendered":"<p>Willkommen bei der Fu\u00dfball-Abteilung Wir sind (d)ein Team! Wir wollen Kindern und Jugendlichen ein Umfeld schaffen, in dem sich jeder [&hellip;]<\/p>\n","protected":false},"author":1,"featured_media":0,"parent":0,"menu_order":0,"comment_status":"closed","ping_status":"closed","template":"","meta":{"_uag_custom_page_level_css":"","site-sidebar-layout":"default","site-content-layout":"plain-container","ast-site-content-layout":"default","site-content-style":"default","site-sidebar-style":"unboxed","ast-global-header-display":"","ast-banner-title-visibility":"disabled","ast-main-header-display":"","ast-hfb-above-header-display":"","ast-hfb-below-header-display":"","ast-hfb-mobile-header-display":"","site-post-title":"disabled","ast-breadcrumbs-content":"","ast-featured-img":"disabled","footer-sml-layout":"","ast-disable-related-posts":"","theme-transparent-header-meta":"default","adv-header-id-meta":"","stick-header-meta":"","header-above-stick-meta":"","header-main-stick-meta":"","header-below-stick-meta":"","astra-migrate-meta-layouts":"set","ast-page-background-enabled":"default","ast-page-background-meta":{"desktop":{"background-color":"","background-image":"","background-repeat":"repeat","background-position":"center center","background-size":"auto","background-attachment":"scroll","background-type":"","background-media":"","overlay-type":"","overlay-color":"","overlay-opacity":"","overlay-gradient":""},"tablet":{"background-color":"","background-image":"","background-repeat":"repeat","background-position":"center center","background-size":"auto","background-attachment":"scroll","background-type":"","background-media":"","overlay-type":"","overlay-color":"","overlay-opacity":"","overlay-gradient":""},"mobile":{"background-color":"","background-image":"","background-repeat":"repeat","background-position":"center center","background-size":"auto","background-attachment":"scroll","background-type":"","background-media":"","overlay-type":"","overlay-color":"","overlay-opacity":"","overlay-gradient":""}},"ast-content-background-meta":{"desktop":{"background-color":"var(--ast-global-color-5)","background-image":"","background-repeat":"repeat","background-position":"center center","background-size":"auto","background-attachment":"scroll","background-type":"","background-media":"","overlay-type":"","overlay-color":"","overlay-opacity":"","overlay-gradient":""},"tablet":{"background-color":"var(--ast-global-color-5)","background-image":"","background-repeat":"repeat","background-position":"center center","background-size":"auto","background-attachment":"scroll","background-type":"","background-media":"","overlay-type":"","overlay-color":"","overlay-opacity":"","overlay-gradient":""},"mobile":{"background-color":"var(--ast-global-color-5)","background-image":"","background-repeat":"repeat","background-position":"center center","background-size":"auto","background-attachment":"scroll","background-type":"","background-media":"","overlay-type":"","overlay-color":"","overlay-opacity":"","overlay-gradient":""}},"footnotes":""},"class_list":["post-1718","page","type-page","status-publish","hentry"],"uagb_featured_image_src":{"full":false,"thumbnail":false,"medium":false,"medium_large":false,"large":false,"1536x1536":false,"2048x2048":false},"uagb_author_info":{"display_name":"sv-gr@gmx.de","author_link":"https:\/\/demo.xn--tuspo-bad-mnder-9vb.de\/fussball\/author\/sv-grgmx-de\/"},"uagb_comment_info":0,"uagb_excerpt":"Willkommen bei der Fu\u00dfball-Abteilung Wir sind (d)ein Team! Wir wollen Kindern und Jugendlichen ein Umfeld schaffen, in dem sich jeder [&hellip;]","_links":{"self":[{"href":"https:\/\/demo.xn--tuspo-bad-mnder-9vb.de\/fussball\/wp-json\/wp\/v2\/pages\/1718","targetHints":{"allow":["GET"]}}],"collection":[{"href":"https:\/\/demo.xn--tuspo-bad-mnder-9vb.de\/fussball\/wp-json\/wp\/v2\/pages"}],"about":[{"href":"https:\/\/demo.xn--tuspo-bad-mnder-9vb.de\/fussball\/wp-json\/wp\/v2\/types\/page"}],"author":[{"embeddable":true,"href":"https:\/\/demo.xn--tuspo-bad-mnder-9vb.de\/fussball\/wp-json\/wp\/v2\/users\/1"}],"replies":[{"embeddable":true,"href":"https:\/\/demo.xn--tuspo-bad-mnder-9vb.de\/fussball\/wp-json\/wp\/v2\/comments?post=1718"}],"version-history":[{"count":63,"href":"https:\/\/demo.xn--tuspo-bad-mnder-9vb.de\/fussball\/wp-json\/wp\/v2\/pages\/1718\/revisions"}],"predecessor-version":[{"id":3619,"href":"https:\/\/demo.xn--tuspo-bad-mnder-9vb.de\/fussball\/wp-json\/wp\/v2\/pages\/1718\/revisions\/3619"}],"wp:attachment":[{"href":"https:\/\/demo.xn--tuspo-bad-mnder-9vb.de\/fussball\/wp-json\/wp\/v2\/media?parent=1718"}],"curies":[{"name":"wp","href":"https:\/\/api.w.org\/{rel}","templated":true}]}}