{"id":1718,"date":"2024-10-02T02:14:37","date_gmt":"2024-10-02T00:14:37","guid":{"rendered":"https:\/\/demo.xn--tuspo-bad-mnder-9vb.de\/basketball\/home\/"},"modified":"2025-08-17T11:08:41","modified_gmt":"2025-08-17T09:08:41","slug":"home","status":"publish","type":"page","link":"https:\/\/demo.xn--tuspo-bad-mnder-9vb.de\/basketball\/","title":{"rendered":""},"content":{"rendered":"\n<div class=\"wp-block-cover alignfull is-light\" style=\"min-height:470px;aspect-ratio:unset;\"><span aria-hidden=\"true\" class=\"wp-block-cover__background has-ast-global-color-5-background-color has-background-dim-0 has-background-dim\"><\/span><img loading=\"lazy\" decoding=\"async\" width=\"1280\" height=\"1280\" class=\"wp-block-cover__image-background wp-image-3183\" alt=\"\" src=\"https:\/\/demo.xn--tuspo-bad-mnder-9vb.de\/basketball\/wp-content\/uploads\/sites\/29\/2024\/11\/basketball-1.jpg\" style=\"object-position:52% 36%\" data-object-fit=\"cover\" data-object-position=\"52% 36%\" srcset=\"https:\/\/demo.xn--tuspo-bad-mnder-9vb.de\/basketball\/wp-content\/uploads\/sites\/29\/2024\/11\/basketball-1.jpg 1280w, https:\/\/demo.xn--tuspo-bad-mnder-9vb.de\/basketball\/wp-content\/uploads\/sites\/29\/2024\/11\/basketball-1-300x300.jpg 300w, https:\/\/demo.xn--tuspo-bad-mnder-9vb.de\/basketball\/wp-content\/uploads\/sites\/29\/2024\/11\/basketball-1-1024x1024.jpg 1024w, https:\/\/demo.xn--tuspo-bad-mnder-9vb.de\/basketball\/wp-content\/uploads\/sites\/29\/2024\/11\/basketball-1-150x150.jpg 150w, https:\/\/demo.xn--tuspo-bad-mnder-9vb.de\/basketball\/wp-content\/uploads\/sites\/29\/2024\/11\/basketball-1-768x768.jpg 768w\" sizes=\"auto, (max-width: 1280px) 100vw, 1280px\" \/><div class=\"wp-block-cover__inner-container is-layout-constrained wp-container-core-cover-is-layout-e555385e wp-block-cover-is-layout-constrained\">\n<p class=\"has-text-align-center has-large-font-size\"><\/p>\n<\/div><\/div>\n\n\n\n<div class=\"wp-block-uagb-container uagb-block-3c2b710f alignfull uagb-is-root-container\"><div class=\"uagb-container-inner-blocks-wrap\">\n\t\t\t<div class=\"wp-block-uagb-post-grid uagb-post-grid  uagb-post__image-position-top uagb-post__image-enabled uagb-block-f59c426d     uagb-post__items uagb-post__columns-3 is-grid uagb-post__columns-tablet-2 uagb-post__columns-mobile-1 uagb-post__equal-height uagb-equal_height_inline-read-more-buttons\" data-total=\"1\" style=\"\">\n\n\t\t\t\t\t\t\t\t\t\t\t\t<article class=\"uagb-post__inner-wrap\">\t\t\t\t\t\t\t\t<h4 class=\"uagb-post__title uagb-post__text\">\n\t\t\t\t<a href=\"https:\/\/demo.xn--tuspo-bad-mnder-9vb.de\/basketball\/protokoll-treffen-der-eltern-vom-28-01-2026\/\" target=\"_self\" rel=\"bookmark noopener noreferrer\">Protokoll Treffen der Eltern vom 28.01.2026<\/a>\n\t\t\t<\/h4>\n\t\t\t\t\t\t<div class='uagb-post__text uagb-post-grid-byline'>\n\t\t\t\t\t\t\t\t<time datetime=\"2026-03-05T20:34:02+01:00\" class=\"uagb-post__date\">\n\t\t\t\t\t\t\t\t\t5. M\u00e4rz 2026\t\t\t\t<\/time>\n\t\t\t\t\t\t<\/div>\n\t\t\t\t\t\t\t<div class='uagb-post__text uagb-post__excerpt'>\n\t\t\t\t\t<p>Durch die Tagesordnung f\u00fchrte AL J\u00fcrgen Molitor 1. Mannschaftsbetreuung 2. Struktur einer Abteilung und ehrenamtliche&#8230;\t\t\t\t<\/div>\n\t\t\t\t\t\t<div class=\"uagb-post__text uagb-post__cta wp-block-button\">\n\t\t\t\t<a class=\"wp-block-button__link uagb-text-link\" style=\"\" href=\"https:\/\/demo.xn--tuspo-bad-mnder-9vb.de\/basketball\/protokoll-treffen-der-eltern-vom-28-01-2026\/\" target=\"_self\" rel=\"bookmark noopener noreferrer\">Weiterlesen<\/a>\n\t\t\t<\/div>\n\t\t\t\n\t\t\t\t\t\t\t\t\t<\/article>\n\t\t\t\t\t\t\t\t\t\t\t\t\t\t\t\t<article class=\"uagb-post__inner-wrap\">\t\t\t\t\t\t\t\t<h4 class=\"uagb-post__title uagb-post__text\">\n\t\t\t\t<a href=\"https:\/\/demo.xn--tuspo-bad-mnder-9vb.de\/basketball\/spielplaene-basketball-saison-2025-2026\/\" target=\"_self\" rel=\"bookmark noopener noreferrer\">Spielpl\u00e4ne Basketball-Saison 2025 \/ 2026<\/a>\n\t\t\t<\/h4>\n\t\t\t\t\t\t<div class='uagb-post__text uagb-post-grid-byline'>\n\t\t\t\t\t\t\t\t<time datetime=\"2025-08-17T12:38:40+02:00\" class=\"uagb-post__date\">\n\t\t\t\t\t\t\t\t\t17. August 2025\t\t\t\t<\/time>\n\t\t\t\t\t\t<\/div>\n\t\t\t\t\t\t\t<div class='uagb-post__text uagb-post__excerpt'>\n\t\t\t\t\t<p>Spielplan U10 (2016 und j\u00fcnger) DatumSpielbeginnHeim\/Ausw\u00e4rtsGegnerOrt07.02.202611:00 UhrAusw\u00e4rtsTV BergkrugHelpsen14.02.202611:00 UhrAusw\u00e4rtsU11-2 Tuspo Bad M\u00fcnder (Springe)Bad M\u00fcnder22.02.202611:00 UhrHeimTSV&#8230;\t\t\t\t<\/div>\n\t\t\t\t\t\t<div class=\"uagb-post__text uagb-post__cta wp-block-button\">\n\t\t\t\t<a class=\"wp-block-button__link uagb-text-link\" style=\"\" href=\"https:\/\/demo.xn--tuspo-bad-mnder-9vb.de\/basketball\/spielplaene-basketball-saison-2025-2026\/\" target=\"_self\" rel=\"bookmark noopener noreferrer\">Weiterlesen<\/a>\n\t\t\t<\/div>\n\t\t\t\n\t\t\t\t\t\t\t\t\t<\/article>\n\t\t\t\t\t\t\t\t\t\t\t\t\t<div class=\"uagb-post-pagination-wrap\">\n\t\t\t\t\t\t\t\t\t\t\t<\/div>\n\t\t\t\t\t\t\t\t<\/div>\n\t\t\t<\/div><\/div>\n\n\n\n<h2 class=\"wp-block-heading has-text-align-center has-ast-global-color-3-color has-ast-global-color-5-background-color has-text-color has-background has-link-color wp-elements-fd335d9e05a0c170fb9431cf6abf95c1\" style=\"padding-top:20px;padding-bottom:20px\"><strong>Wir sind Feuer und Flamme f\u00fcr Basketball<\/strong><\/h2>\n\n\n\n<div class=\"wp-block-uagb-container uagb-block-e0921a45 alignfull uagb-is-root-container\">\n<h2 class=\"wp-block-heading has-text-align-center has-ast-global-color-5-color has-ast-global-color-3-background-color has-text-color has-background has-link-color wp-elements-eecb60299c4dc10fab9ab9a3a23e528f\" id=\"training\" style=\"padding-top:20px;padding-bottom:20px\"><strong>Training<\/strong><\/h2>\n<\/div>\n\n\n\n<div class=\"wp-block-group is-layout-grid wp-container-core-group-is-layout-d084486f wp-block-group-is-layout-grid\" style=\"margin-top:0px;margin-bottom:30px;padding-top:10px;padding-right:30px;padding-bottom:10px;padding-left:30px\">\n<div class=\"wp-block-uagb-container uagb-block-38bbf7f6 alignfull uagb-is-root-container\">\n<h4 class=\"wp-block-heading alignfull has-text-align-center\">3-5 Jahre Ballschule Kinderg\u00e4rten<\/h4>\n\n\n\n<div class=\"wp-block-group has-ast-global-color-3-color has-ast-global-color-1-background-color has-text-color has-background has-link-color wp-elements-7ff16e9b8911ea8e13633e2840931fb8 is-vertical is-layout-flex wp-container-core-group-is-layout-fe9cc265 wp-block-group-is-layout-flex\">\n<div class=\"wp-block-uagb-container uagb-block-fe169192 alignfull uagb-is-root-container\"><div class=\"uagb-container-inner-blocks-wrap\">\n<h5 class=\"wp-block-heading has-text-align-center has-ast-global-color-3-color has-text-color has-link-color wp-elements-70850af1d8c43b1571370264cc58c42c\">Auf Anfrage<\/h5>\n\n\n\n<h5 class=\"wp-block-heading has-text-align-center has-ast-global-color-3-color has-text-color has-link-color wp-elements-2fc052f205381aeaaa0ea5895bfe2903\">Die Ballschule der TUSPO nach dem &#8222;Heidelberger Modell&#8220;<\/h5>\n<\/div><\/div>\n<\/div>\n<\/div>\n\n\n\n<div class=\"wp-block-uagb-container uagb-block-369f8ff6 alignfull uagb-is-root-container\">\n<h4 class=\"wp-block-heading alignfull has-text-align-center\">7-9 Jahre Mini-Basketball in Bad M\u00fcnder<br>Wettkampfklasse U10<\/h4>\n\n\n\n<div class=\"wp-block-group has-ast-global-color-3-color has-ast-global-color-1-background-color has-text-color has-background has-link-color wp-elements-593af784e3c5cf5014c3ba7500b0d614 is-vertical is-layout-flex wp-container-core-group-is-layout-fe9cc265 wp-block-group-is-layout-flex\">\n<div class=\"wp-block-uagb-container uagb-block-d5915972 alignfull uagb-is-root-container\"><div class=\"uagb-container-inner-blocks-wrap\">\n<h5 class=\"wp-block-heading has-text-align-center has-ast-global-color-3-color has-text-color has-link-color wp-elements-177418e71e40013ef5bcb96ddb4ba92e\">Montag &amp; Mittwoch,<\/h5>\n\n\n\n<p><\/p>\n\n\n\n<p><\/p>\n<\/div><\/div>\n\n\n\n<div class=\"wp-block-uagb-container uagb-block-035f7e32 alignfull uagb-is-root-container\"><div class=\"uagb-container-inner-blocks-wrap\">\n<h5 class=\"wp-block-heading has-text-align-center has-ast-global-color-3-color has-text-color has-link-color wp-elements-98b45948f455ea272a460a8a176646ea\">16:00 &#8211; 17:30 Uhr<\/h5>\n\n\n\n<div class=\"wp-block-uagb-separator uagb-block-184f0c9e\"><div class=\"wp-block-uagb-separator__inner\" style=\"--my-background-image:\"><\/div><\/div>\n<\/div><\/div>\n\n\n\n<div class=\"wp-block-uagb-container uagb-block-d27444f7 alignfull uagb-is-root-container\"><div class=\"uagb-container-inner-blocks-wrap\">\n<h5 class=\"wp-block-heading has-text-align-center has-ast-global-color-3-color has-text-color has-link-color wp-elements-6c3737fa2e0e7d421ecb582beba5c8b2\">Orte:<\/h5>\n<\/div><\/div>\n\n\n\n<div class=\"wp-block-uagb-container uagb-block-d9c20c96 alignfull uagb-is-root-container\"><div class=\"uagb-container-inner-blocks-wrap\">\n<h5 class=\"wp-block-heading has-text-align-center has-ast-global-color-3-color has-text-color has-link-color wp-elements-d0eb57ab188d524e7f6806ed8f427ee2\">Sporthalle Grundschule Bad M\u00fcnder<\/h5>\n\n\n\n<p><\/p>\n<\/div><\/div>\n<\/div>\n<\/div>\n<\/div>\n\n\n\n<div class=\"wp-block-group is-layout-grid wp-container-core-group-is-layout-71eb3c7d wp-block-group-is-layout-grid\" style=\"margin-top:0px;margin-bottom:30px;padding-top:10px;padding-right:30px;padding-bottom:10px;padding-left:30px\">\n<div class=\"wp-block-uagb-container uagb-block-02a9dc7f alignfull uagb-is-root-container\">\n<h4 class=\"wp-block-heading alignfull has-text-align-center\">9-11 Jahre Mini-Basketball in Bad M\u00fcnder<br>Wettkampfklasse U11\/U12<\/h4>\n\n\n\n<div class=\"wp-block-group has-ast-global-color-3-color has-ast-global-color-1-background-color has-text-color has-background has-link-color wp-elements-a93e2526f5deca62f294110687fb4c12 is-vertical is-layout-flex wp-container-core-group-is-layout-fe9cc265 wp-block-group-is-layout-flex\">\n<div class=\"wp-block-uagb-container uagb-block-f0b061be alignfull uagb-is-root-container\"><div class=\"uagb-container-inner-blocks-wrap\">\n<h5 class=\"wp-block-heading has-text-align-center has-ast-global-color-3-color has-text-color has-link-color wp-elements-177418e71e40013ef5bcb96ddb4ba92e\">Montag &amp; Mittwoch,<\/h5>\n<\/div><\/div>\n\n\n\n<div class=\"wp-block-uagb-container uagb-block-25c2bf50 alignfull uagb-is-root-container\"><div class=\"uagb-container-inner-blocks-wrap\">\n<h5 class=\"wp-block-heading has-text-align-center has-ast-global-color-3-color has-text-color has-link-color wp-elements-07a4c0eccc355ee09096035e1e8e984f\">17:30 &#8211; 19:00 Uhr<\/h5>\n\n\n\n<div class=\"wp-block-uagb-separator uagb-block-7acc66e0\"><div class=\"wp-block-uagb-separator__inner\" style=\"--my-background-image:\"><\/div><\/div>\n<\/div><\/div>\n\n\n\n<div class=\"wp-block-uagb-container uagb-block-ae94c2c6 alignfull uagb-is-root-container\"><div class=\"uagb-container-inner-blocks-wrap\">\n<h5 class=\"wp-block-heading has-text-align-center has-ast-global-color-3-color has-text-color has-link-color wp-elements-490b5c644d0118f1f935b31226f7f1d3\">Ort:<\/h5>\n<\/div><\/div>\n\n\n\n<div class=\"wp-block-uagb-container uagb-block-e4cc719a alignfull uagb-is-root-container\"><div class=\"uagb-container-inner-blocks-wrap\">\n<h5 class=\"wp-block-heading has-text-align-center has-ast-global-color-3-color has-text-color has-link-color wp-elements-d0eb57ab188d524e7f6806ed8f427ee2\">Sporthalle Grundschule Bad M\u00fcnder<\/h5>\n<\/div><\/div>\n<\/div>\n<\/div>\n\n\n\n<div class=\"wp-block-uagb-container uagb-block-e7af949a alignfull uagb-is-root-container\">\n<h4 class=\"wp-block-heading alignfull has-text-align-center\">7-10 Jahre Mini-Basketball in Springe<br>Wettkampfklasse U9\/U10<\/h4>\n\n\n\n<div class=\"wp-block-group has-ast-global-color-3-color has-ast-global-color-1-background-color has-text-color has-background has-link-color wp-elements-8395d9ca473c121ce13c8503c15774db is-vertical is-layout-flex wp-container-core-group-is-layout-fe9cc265 wp-block-group-is-layout-flex\">\n<div class=\"wp-block-uagb-container uagb-block-058e5fad alignfull uagb-is-root-container\"><div class=\"uagb-container-inner-blocks-wrap\">\n<h5 class=\"wp-block-heading has-text-align-center has-ast-global-color-3-color has-text-color has-link-color wp-elements-b09b6284fad546e539da49713b1122e2\">Freitag,<\/h5>\n<\/div><\/div>\n\n\n\n<div class=\"wp-block-uagb-container uagb-block-b80b82c3 alignfull uagb-is-root-container\"><div class=\"uagb-container-inner-blocks-wrap\">\n<h5 class=\"wp-block-heading has-text-align-center has-ast-global-color-3-color has-text-color has-link-color wp-elements-0d087fde5030c9903f9c4646a0203a5b\">15:30 &#8211; 17:00 Uhr<\/h5>\n\n\n\n<div class=\"wp-block-uagb-separator uagb-block-60b7583e\"><div class=\"wp-block-uagb-separator__inner\" style=\"--my-background-image:\"><\/div><\/div>\n<\/div><\/div>\n\n\n\n<div class=\"wp-block-uagb-container uagb-block-2ca448df alignfull uagb-is-root-container\"><div class=\"uagb-container-inner-blocks-wrap\">\n<h5 class=\"wp-block-heading has-text-align-center has-ast-global-color-3-color has-text-color has-link-color wp-elements-490b5c644d0118f1f935b31226f7f1d3\">Ort:<\/h5>\n<\/div><\/div>\n\n\n\n<div class=\"wp-block-uagb-container uagb-block-58bb3c29 alignfull uagb-is-root-container\"><div class=\"uagb-container-inner-blocks-wrap\">\n<h5 class=\"wp-block-heading has-text-align-center has-ast-global-color-3-color has-text-color has-link-color wp-elements-6f2612663461b58b4a030af7c58eb967\">Sporthalle IGS in Springe<\/h5>\n<\/div><\/div>\n<\/div>\n<\/div>\n\n\n\n<div class=\"wp-block-uagb-container uagb-block-a96cbba3 alignfull uagb-is-root-container\">\n<h4 class=\"wp-block-heading alignfull has-text-align-center\">13-18 Jahre Wettkampfklasse U14 + U16<\/h4>\n\n\n\n<div class=\"wp-block-group has-ast-global-color-3-color has-ast-global-color-1-background-color has-text-color has-background has-link-color wp-elements-e4a68738030c8ace70485f90f2b3c7fb is-vertical is-layout-flex wp-container-core-group-is-layout-fe9cc265 wp-block-group-is-layout-flex\">\n<div class=\"wp-block-uagb-container uagb-block-f858e5fe alignfull uagb-is-root-container\"><div class=\"uagb-container-inner-blocks-wrap\">\n<h5 class=\"wp-block-heading has-text-align-center has-ast-global-color-3-color has-text-color has-link-color wp-elements-177418e71e40013ef5bcb96ddb4ba92e\">Montag &amp; Mittwoch,<\/h5>\n\n\n\n<p><\/p>\n\n\n\n<h5 class=\"wp-block-heading has-text-align-center has-ast-global-color-3-color has-text-color has-link-color wp-elements-95c684cde253657ae5998df63380f806\">19:00 &#8211; 20:30 Uhr<\/h5>\n\n\n\n<p><\/p>\n\n\n\n<h5 class=\"wp-block-heading has-text-align-center has-ast-global-color-3-color has-text-color has-link-color wp-elements-2397d812de2ee56ffbffa6856e74dd6f\"><br class=\"\u201cclear\u201d\"><\/h5>\n<\/div><\/div>\n\n\n\n<div class=\"wp-block-uagb-container uagb-block-e48e624d alignfull uagb-is-root-container\"><div class=\"uagb-container-inner-blocks-wrap\">\n<h5 class=\"wp-block-heading has-text-align-center has-ast-global-color-3-color has-text-color has-link-color wp-elements-2397d812de2ee56ffbffa6856e74dd6f\"><br class=\"\u201cclear\u201d\"><\/h5>\n\n\n\n<div class=\"wp-block-uagb-separator uagb-block-048b46f2\"><div class=\"wp-block-uagb-separator__inner\" style=\"--my-background-image:\"><\/div><\/div>\n<\/div><\/div>\n\n\n\n<div class=\"wp-block-uagb-container uagb-block-3f1adf89 alignfull uagb-is-root-container\"><div class=\"uagb-container-inner-blocks-wrap\">\n<h5 class=\"wp-block-heading has-text-align-center has-ast-global-color-3-color has-text-color has-link-color wp-elements-490b5c644d0118f1f935b31226f7f1d3\">Ort:<\/h5>\n<\/div><\/div>\n\n\n\n<div class=\"wp-block-uagb-container uagb-block-142a29a7 alignfull uagb-is-root-container\"><div class=\"uagb-container-inner-blocks-wrap\">\n<h5 class=\"wp-block-heading has-text-align-center has-ast-global-color-3-color has-text-color has-link-color wp-elements-d0eb57ab188d524e7f6806ed8f427ee2\">Sporthalle Grundschule Bad M\u00fcnder<\/h5>\n<\/div><\/div>\n<\/div>\n<\/div>\n\n\n\n<div class=\"wp-block-uagb-container uagb-block-f55dfda0 alignfull uagb-is-root-container\">\n<h4 class=\"wp-block-heading alignfull has-text-align-center\"> U18 + Senioren (kein Mannschaftstraining)<\/h4>\n\n\n\n<div class=\"wp-block-group has-ast-global-color-3-color has-ast-global-color-1-background-color has-text-color has-background has-link-color wp-elements-f57aba3fbc5dfa862fdcaed9482ac6ff is-vertical is-layout-flex wp-container-core-group-is-layout-fe9cc265 wp-block-group-is-layout-flex\">\n<div class=\"wp-block-uagb-container uagb-block-53b41775 alignfull uagb-is-root-container\"><div class=\"uagb-container-inner-blocks-wrap\">\n<h5 class=\"wp-block-heading has-text-align-center has-ast-global-color-3-color has-text-color has-link-color wp-elements-aa89109bf9164c20b6282471659573ad\">Mittwoch nach Absprache,<\/h5>\n\n\n\n<p><\/p>\n\n\n\n<h5 class=\"wp-block-heading has-text-align-center has-ast-global-color-3-color has-text-color has-link-color wp-elements-f4e22bd0b1de63aa34ea0f18c06f0c95\">ab 20:30 Uhr<\/h5>\n\n\n\n<p><\/p>\n\n\n\n<h5 class=\"wp-block-heading has-text-align-center has-ast-global-color-3-color has-text-color has-link-color wp-elements-0e04877ae4c65efdd1db98fa824e5a25\">Freitag nach Absprache,<\/h5>\n<\/div><\/div>\n\n\n\n<div class=\"wp-block-uagb-container uagb-block-34519082 alignfull uagb-is-root-container\"><div class=\"uagb-container-inner-blocks-wrap\">\n<h5 class=\"wp-block-heading has-text-align-center has-ast-global-color-3-color has-text-color has-link-color wp-elements-801b066753bfe160449d73b74898d24e\">ab 19Uhr<\/h5>\n\n\n\n<div class=\"wp-block-uagb-separator uagb-block-acf84df5\"><div class=\"wp-block-uagb-separator__inner\" style=\"--my-background-image:\"><\/div><\/div>\n<\/div><\/div>\n\n\n\n<div class=\"wp-block-uagb-container uagb-block-c2f97506 alignfull uagb-is-root-container\"><div class=\"uagb-container-inner-blocks-wrap\">\n<h5 class=\"wp-block-heading has-text-align-center has-ast-global-color-3-color has-text-color has-link-color wp-elements-490b5c644d0118f1f935b31226f7f1d3\">Ort:<\/h5>\n<\/div><\/div>\n\n\n\n<div class=\"wp-block-uagb-container uagb-block-08571b7b alignfull uagb-is-root-container\"><div class=\"uagb-container-inner-blocks-wrap\">\n<h5 class=\"wp-block-heading has-text-align-center has-ast-global-color-3-color has-text-color has-link-color wp-elements-d0eb57ab188d524e7f6806ed8f427ee2\">Sporthalle Grundschule Bad M\u00fcnder<\/h5>\n<\/div><\/div>\n<\/div>\n<\/div>\n<\/div>\n\n\n\n<div class=\"wp-block-uagb-container uagb-block-7d1568a6 default uagb-is-root-container\">\n<h3 class=\"wp-block-heading alignfull has-text-align-center has-ast-global-color-5-color has-ast-global-color-3-background-color has-text-color has-background has-link-color wp-elements-85d6192b1a38c0706f5f8065c2d0f5be\" style=\"margin-right:0px;margin-left:0px;padding-top:20px;padding-bottom:20px\">Sportst\u00e4tten und Auskunft<\/h3>\n<\/div>\n\n\n\n<div class=\"wp-block-group is-layout-grid wp-container-core-group-is-layout-5b58ce6b wp-block-group-is-layout-grid\" style=\"margin-top:0px;margin-bottom:0px;padding-top:10px;padding-right:30px;padding-bottom:10px;padding-left:30px\">\n<div class=\"wp-block-uagb-container uagb-block-8a5b5505 alignfull uagb-is-root-container\">\n<h4 class=\"wp-block-heading alignfull has-text-align-center\">Sporthalle Grundschule<\/h4>\n\n\n\n<div class=\"wp-block-group has-ast-global-color-3-color has-ast-global-color-1-background-color has-text-color has-background has-link-color wp-elements-4c27a72e5beec4c7548c684b47d1acd9 is-vertical is-layout-flex wp-container-core-group-is-layout-fe9cc265 wp-block-group-is-layout-flex\">\n<div class=\"wp-block-uagb-container uagb-block-82585d2c alignfull uagb-is-root-container\"><div class=\"uagb-container-inner-blocks-wrap\">\n<h5 class=\"wp-block-heading has-text-align-center has-ast-global-color-3-color has-text-color has-link-color wp-elements-c786248172eb4efd5314687e62bdb30c\">Laurentiusweg<\/h5>\n\n\n\n<h5 class=\"wp-block-heading has-text-align-center has-ast-global-color-3-color has-text-color has-link-color wp-elements-c69ae2dee8d3f74a0a203c6b07b3bb4e\">31848 Bad M\u00fcnder<\/h5>\n<\/div><\/div>\n\n\n\n<figure class=\"wp-block-image size-full\"><img loading=\"lazy\" decoding=\"async\" width=\"836\" height=\"640\" src=\"https:\/\/seite-zum-herumprobieren.org\/basketball\/wp-content\/uploads\/sites\/17\/2024\/11\/turnhalleGS.png\" alt=\"\" class=\"wp-image-3365\" srcset=\"https:\/\/demo.xn--tuspo-bad-mnder-9vb.de\/basketball\/wp-content\/uploads\/sites\/29\/2024\/11\/turnhalleGS.png 836w, https:\/\/demo.xn--tuspo-bad-mnder-9vb.de\/basketball\/wp-content\/uploads\/sites\/29\/2024\/11\/turnhalleGS-300x230.png 300w, https:\/\/demo.xn--tuspo-bad-mnder-9vb.de\/basketball\/wp-content\/uploads\/sites\/29\/2024\/11\/turnhalleGS-768x588.png 768w\" sizes=\"auto, (max-width: 836px) 100vw, 836px\" \/><\/figure>\n<\/div>\n<\/div>\n\n\n\n<div class=\"wp-block-uagb-container uagb-block-badec553 alignfull uagb-is-root-container\">\n<h4 class=\"wp-block-heading alignfull has-text-align-center\">Sporthalle KGS<\/h4>\n\n\n\n<div class=\"wp-block-group has-ast-global-color-3-color has-ast-global-color-1-background-color has-text-color has-background has-link-color wp-elements-57da853525f7565aae4f6e374e1f74f8 is-vertical is-layout-flex wp-container-core-group-is-layout-fe9cc265 wp-block-group-is-layout-flex\">\n<div class=\"wp-block-uagb-container uagb-block-21944a91 alignfull uagb-is-root-container\"><div class=\"uagb-container-inner-blocks-wrap\">\n<h5 class=\"wp-block-heading has-text-align-center has-ast-global-color-3-color has-text-color has-link-color wp-elements-be0406127b84fd526f5312c57570be92\">Bahnhofstr. 52<\/h5>\n\n\n\n<h5 class=\"wp-block-heading has-text-align-center has-ast-global-color-3-color has-text-color has-link-color wp-elements-20503a4928bb56f3cae856fa35893460\" style=\"margin-bottom:23px\">31848 Bad M\u00fcnder<\/h5>\n<\/div><\/div>\n\n\n\n<figure class=\"wp-block-image size-full\"><img loading=\"lazy\" decoding=\"async\" width=\"841\" height=\"639\" src=\"https:\/\/seite-zum-herumprobieren.org\/basketball\/wp-content\/uploads\/sites\/17\/2024\/11\/turnhalleKGS.png\" alt=\"\" class=\"wp-image-3368\" srcset=\"https:\/\/demo.xn--tuspo-bad-mnder-9vb.de\/basketball\/wp-content\/uploads\/sites\/29\/2024\/11\/turnhalleKGS.png 841w, https:\/\/demo.xn--tuspo-bad-mnder-9vb.de\/basketball\/wp-content\/uploads\/sites\/29\/2024\/11\/turnhalleKGS-300x228.png 300w, https:\/\/demo.xn--tuspo-bad-mnder-9vb.de\/basketball\/wp-content\/uploads\/sites\/29\/2024\/11\/turnhalleKGS-768x584.png 768w\" sizes=\"auto, (max-width: 841px) 100vw, 841px\" \/><\/figure>\n<\/div>\n<\/div>\n<\/div>\n\n\n\n<div class=\"wp-block-group is-layout-grid wp-container-core-group-is-layout-5b58ce6b wp-block-group-is-layout-grid\" style=\"margin-top:0px;margin-bottom:0px;padding-top:10px;padding-right:30px;padding-bottom:10px;padding-left:30px\">\n<div class=\"wp-block-uagb-container uagb-block-75eef804 alignfull uagb-is-root-container\">\n<h4 class=\"wp-block-heading alignfull has-text-align-center\">Sporthalle IGS<\/h4>\n\n\n\n<div class=\"wp-block-group has-ast-global-color-3-color has-ast-global-color-1-background-color has-text-color has-background has-link-color wp-elements-10a455daf6fd8bc217f4ece8ca9815d9 is-vertical is-layout-flex wp-container-core-group-is-layout-fe9cc265 wp-block-group-is-layout-flex\">\n<div class=\"wp-block-uagb-container uagb-block-a2e1c41d alignfull uagb-is-root-container\"><div class=\"uagb-container-inner-blocks-wrap\">\n<h5 class=\"wp-block-heading has-text-align-center has-ast-global-color-3-color has-text-color has-link-color wp-elements-c15410b28746ccb0142868dd8d86c506\" style=\"margin-top:0px\">Adolf-Reichwein-Str. 2<\/h5>\n\n\n\n<h5 class=\"wp-block-heading has-text-align-center has-ast-global-color-3-color has-text-color has-link-color wp-elements-ac508b878fc9a54b5c803d876b2e172c\" style=\"margin-bottom:0px\">31832 Springe<\/h5>\n<\/div><\/div>\n\n\n\n<figure class=\"wp-block-image size-full\"><img loading=\"lazy\" decoding=\"async\" width=\"763\" height=\"638\" src=\"https:\/\/demo.xn--tuspo-bad-mnder-9vb.de\/basketball\/wp-content\/uploads\/sites\/29\/2025\/02\/igs-springe-1.png\" alt=\"\" class=\"wp-image-3593\" srcset=\"https:\/\/demo.xn--tuspo-bad-mnder-9vb.de\/basketball\/wp-content\/uploads\/sites\/29\/2025\/02\/igs-springe-1.png 763w, https:\/\/demo.xn--tuspo-bad-mnder-9vb.de\/basketball\/wp-content\/uploads\/sites\/29\/2025\/02\/igs-springe-1-300x251.png 300w\" sizes=\"auto, (max-width: 763px) 100vw, 763px\" \/><\/figure>\n<\/div>\n<\/div>\n\n\n\n<div class=\"wp-block-uagb-container uagb-block-5b4a07f3 alignfull uagb-is-root-container\">\n<h4 class=\"wp-block-heading alignfull has-text-align-center\">Auskunft<\/h4>\n\n\n\n<div class=\"wp-block-group has-ast-global-color-3-color has-ast-global-color-1-background-color has-text-color has-background has-link-color wp-elements-e47b454d91dd24dcaefdb8b037e7f356 is-vertical is-layout-flex wp-container-core-group-is-layout-fe9cc265 wp-block-group-is-layout-flex\">\n<div class=\"wp-block-uagb-container uagb-block-fcde6d12 alignfull uagb-is-root-container\"><div class=\"uagb-container-inner-blocks-wrap\">\n<h4 class=\"wp-block-heading has-text-align-center has-ast-global-color-3-color has-text-color has-link-color wp-elements-2c68c303e5a92a25c7c2dfb7adfa5da7\" style=\"margin-top:var(--wp--preset--spacing--70);margin-bottom:var(--wp--preset--spacing--70)\">J\u00fcrgen Molitor<\/h4>\n\n\n      \n\t\t\t<div class=\"uagb-icon-wrapper uagb-block-8850e131      \"\n\t\t\tstyle=\"\" >\n\t\t\t\t\t\t\t\t\t<span class=\"uagb-svg-wrapper\" \n\t\t\t\t\t aria-label=\"phone\"\t\t\t\t\ttabindex=\"0\">\t\t\n\t\t\t\t\t\t\t\t\t\t<svg xmlns=\"https:\/\/www.w3.org\/2000\/svg\" viewBox= \"0 0 512 512\" role=\"graphics-symbol\" aria-hidden=\"false\" aria-label=\"\"><path d=\"M511.2 387l-23.25 100.8c-3.266 14.25-15.79 24.22-30.46 24.22C205.2 512 0 306.8 0 54.5c0-14.66 9.969-27.2 24.22-30.45l100.8-23.25C139.7-2.602 154.7 5.018 160.8 18.92l46.52 108.5c5.438 12.78 1.77 27.67-8.98 36.45L144.5 207.1c33.98 69.22 90.26 125.5 159.5 159.5l44.08-53.8c8.688-10.78 23.69-14.51 36.47-8.975l108.5 46.51C506.1 357.2 514.6 372.4 511.2 387z\"><\/path><\/svg>\n\t\t\t\t\t\t\t\t\t<\/span>\n\t\t\t\t\t\t\t<\/div>\n\t\t\t\n\n\n<h4 class=\"wp-block-heading has-text-align-center has-ast-global-color-3-color has-text-color has-link-color wp-elements-8ddfa78713afbba4b80a02c6516cda49\" style=\"margin-top:var(--wp--preset--spacing--70);margin-bottom:var(--wp--preset--spacing--70)\">0160\/6068147<\/h4>\n\n\n      \n\t\t\t<div class=\"uagb-icon-wrapper uagb-block-6b61b1c2      \"\n\t\t\tstyle=\"\" >\n\t\t\t\t\t\t\t\t\t<span class=\"uagb-svg-wrapper\" \n\t\t\t\t\t aria-label=\"envelope\"\t\t\t\t\ttabindex=\"0\">\t\t\n\t\t\t\t\t\t\t\t\t\t<svg xmlns=\"https:\/\/www.w3.org\/2000\/svg\" viewBox= \"0 0 512 512\" role=\"graphics-symbol\" aria-hidden=\"false\" aria-label=\"\"><path d=\"M464 64C490.5 64 512 85.49 512 112C512 127.1 504.9 141.3 492.8 150.4L275.2 313.6C263.8 322.1 248.2 322.1 236.8 313.6L19.2 150.4C7.113 141.3 0 127.1 0 112C0 85.49 21.49 64 48 64H464zM217.6 339.2C240.4 356.3 271.6 356.3 294.4 339.2L512 176V384C512 419.3 483.3 448 448 448H64C28.65 448 0 419.3 0 384V176L217.6 339.2z\"><\/path><\/svg>\n\t\t\t\t\t\t\t\t\t<\/span>\n\t\t\t\t\t\t\t<\/div>\n\t\t\t\n\n\n<h4 class=\"wp-block-heading has-text-align-center has-ast-global-color-3-color has-ast-global-color-1-background-color has-text-color has-background has-link-color wp-elements-b7531dc5fc24b900105d5b9b907121d4\" style=\"margin-top:38px;margin-bottom:38px\">molitor.juergen (at) googlemail.com<\/h4>\n<\/div><\/div>\n<\/div>\n<\/div>\n<\/div>\n","protected":false},"excerpt":{"rendered":"<p>Wir sind Feuer und Flamme f\u00fcr Basketball Training 3-5 Jahre Ballschule Kinderg\u00e4rten Auf Anfrage Die Ballschule der TUSPO nach dem [&hellip;]<\/p>\n","protected":false},"author":1,"featured_media":0,"parent":0,"menu_order":0,"comment_status":"closed","ping_status":"closed","template":"","meta":{"_uag_custom_page_level_css":"","site-sidebar-layout":"default","site-content-layout":"plain-container","ast-site-content-layout":"default","site-content-style":"default","site-sidebar-style":"unboxed","ast-global-header-display":"","ast-banner-title-visibility":"disabled","ast-main-header-display":"","ast-hfb-above-header-display":"","ast-hfb-below-header-display":"","ast-hfb-mobile-header-display":"","site-post-title":"disabled","ast-breadcrumbs-content":"","ast-featured-img":"disabled","footer-sml-layout":"","ast-disable-related-posts":"","theme-transparent-header-meta":"default","adv-header-id-meta":"","stick-header-meta":"","header-above-stick-meta":"","header-main-stick-meta":"","header-below-stick-meta":"","astra-migrate-meta-layouts":"set","ast-page-background-enabled":"default","ast-page-background-meta":{"desktop":{"background-color":"","background-image":"","background-repeat":"repeat","background-position":"center center","background-size":"auto","background-attachment":"scroll","background-type":"","background-media":"","overlay-type":"","overlay-color":"","overlay-opacity":"","overlay-gradient":""},"tablet":{"background-color":"","background-image":"","background-repeat":"repeat","background-position":"center center","background-size":"auto","background-attachment":"scroll","background-type":"","background-media":"","overlay-type":"","overlay-color":"","overlay-opacity":"","overlay-gradient":""},"mobile":{"background-color":"","background-image":"","background-repeat":"repeat","background-position":"center center","background-size":"auto","background-attachment":"scroll","background-type":"","background-media":"","overlay-type":"","overlay-color":"","overlay-opacity":"","overlay-gradient":""}},"ast-content-background-meta":{"desktop":{"background-color":"var(--ast-global-color-5)","background-image":"","background-repeat":"repeat","background-position":"center center","background-size":"auto","background-attachment":"scroll","background-type":"","background-media":"","overlay-type":"","overlay-color":"","overlay-opacity":"","overlay-gradient":""},"tablet":{"background-color":"var(--ast-global-color-5)","background-image":"","background-repeat":"repeat","background-position":"center center","background-size":"auto","background-attachment":"scroll","background-type":"","background-media":"","overlay-type":"","overlay-color":"","overlay-opacity":"","overlay-gradient":""},"mobile":{"background-color":"var(--ast-global-color-5)","background-image":"","background-repeat":"repeat","background-position":"center center","background-size":"auto","background-attachment":"scroll","background-type":"","background-media":"","overlay-type":"","overlay-color":"","overlay-opacity":"","overlay-gradient":""}},"footnotes":""},"class_list":["post-1718","page","type-page","status-publish","hentry"],"uagb_featured_image_src":{"full":false,"thumbnail":false,"medium":false,"medium_large":false,"large":false,"1536x1536":false,"2048x2048":false},"uagb_author_info":{"display_name":"sv-gr@gmx.de","author_link":"https:\/\/demo.xn--tuspo-bad-mnder-9vb.de\/basketball\/author\/sv-grgmx-de\/"},"uagb_comment_info":0,"uagb_excerpt":"Wir sind Feuer und Flamme f\u00fcr Basketball Training 3-5 Jahre Ballschule Kinderg\u00e4rten Auf Anfrage Die Ballschule der TUSPO nach dem [&hellip;]","_links":{"self":[{"href":"https:\/\/demo.xn--tuspo-bad-mnder-9vb.de\/basketball\/wp-json\/wp\/v2\/pages\/1718","targetHints":{"allow":["GET"]}}],"collection":[{"href":"https:\/\/demo.xn--tuspo-bad-mnder-9vb.de\/basketball\/wp-json\/wp\/v2\/pages"}],"about":[{"href":"https:\/\/demo.xn--tuspo-bad-mnder-9vb.de\/basketball\/wp-json\/wp\/v2\/types\/page"}],"author":[{"embeddable":true,"href":"https:\/\/demo.xn--tuspo-bad-mnder-9vb.de\/basketball\/wp-json\/wp\/v2\/users\/1"}],"replies":[{"embeddable":true,"href":"https:\/\/demo.xn--tuspo-bad-mnder-9vb.de\/basketball\/wp-json\/wp\/v2\/comments?post=1718"}],"version-history":[{"count":72,"href":"https:\/\/demo.xn--tuspo-bad-mnder-9vb.de\/basketball\/wp-json\/wp\/v2\/pages\/1718\/revisions"}],"predecessor-version":[{"id":3624,"href":"https:\/\/demo.xn--tuspo-bad-mnder-9vb.de\/basketball\/wp-json\/wp\/v2\/pages\/1718\/revisions\/3624"}],"wp:attachment":[{"href":"https:\/\/demo.xn--tuspo-bad-mnder-9vb.de\/basketball\/wp-json\/wp\/v2\/media?parent=1718"}],"curies":[{"name":"wp","href":"https:\/\/api.w.org\/{rel}","templated":true}]}}